{"id":1918,"date":"2020-03-27T15:31:37","date_gmt":"2020-03-27T15:31:37","guid":{"rendered":"https:\/\/coeytaux-vins.ch\/?page_id=1918"},"modified":"2026-04-26T09:33:47","modified_gmt":"2026-04-26T08:33:47","slug":"agenda","status":"publish","type":"page","link":"https:\/\/coeytaux-vins.ch\/fr\/agenda\/","title":{"rendered":"\u00e9v\u00e9nements"},"content":{"rendered":"<p>[et_pb_section fb_built=\u00a0\u00bb1&Prime; fullwidth=\u00a0\u00bbon\u00a0\u00bb _builder_version=\u00a0\u00bb4.16&Prime; global_colors_info=\u00a0\u00bb{}\u00a0\u00bb][et_pb_fullwidth_header title=\u00a0\u00bb@ET-DC@eyJkeW5hbWljIjp0cnVlLCJjb250ZW50IjoicG9zdF90aXRsZSIsInNldHRpbmdzIjp7ImJlZm9yZSI6IiIsImFmdGVyIjoiIn19@\u00a0\u00bb text_orientation=\u00a0\u00bbcenter\u00a0\u00bb background_overlay_color=\u00a0\u00bbrgba(0,0,0,0.35)\u00a0\u00bb _builder_version=\u00a0\u00bb4.16&Prime; _dynamic_attributes=\u00a0\u00bbtitle\u00a0\u00bb background_image=\u00a0\u00bbhttps:\/\/coeytaux-vins.ch\/wp-content\/uploads\/2020\/08\/Barrique-page-Agenda.jpg\u00a0\u00bb height=\u00a0\u00bb215px\u00a0\u00bb custom_padding=\u00a0\u00bb0px||0px||false|false\u00a0\u00bb custom_css_header_container=\u00a0\u00bbheight: 100%;\u00a0\u00bb global_colors_info=\u00a0\u00bb{}\u00a0\u00bb][\/et_pb_fullwidth_header][\/et_pb_section][et_pb_section fb_built=\u00a0\u00bb1&Prime; custom_padding_last_edited=\u00a0\u00bbon|phone\u00a0\u00bb admin_label=\u00a0\u00bbTop Content\u00a0\u00bb module_class=\u00a0\u00bbbg-right-1&Prime; _builder_version=\u00a0\u00bb4.16&Prime; custom_padding=\u00a0\u00bb85px||||false|false\u00a0\u00bb custom_padding_tablet=\u00a0\u00bb40px|5vw||5vw|false|true\u00a0\u00bb custom_padding_phone=\u00a0\u00bb30px||||false|false\u00a0\u00bb global_colors_info=\u00a0\u00bb{}\u00a0\u00bb][et_pb_row custom_padding_last_edited=\u00a0\u00bbon|desktop\u00a0\u00bb _builder_version=\u00a0\u00bb4.16&Prime; custom_margin=\u00a0\u00bb1px|auto||auto||\u00a0\u00bb custom_padding_tablet=\u00a0\u00bb||0px||false|false\u00a0\u00bb custom_padding_phone=\u00a0\u00bb\u00a0\u00bb global_colors_info=\u00a0\u00bb{}\u00a0\u00bb][et_pb_column type=\u00a0\u00bb4_4&Prime; _builder_version=\u00a0\u00bb4.16&Prime; global_colors_info=\u00a0\u00bb{}\u00a0\u00bb][et_pb_blurb title=\u00a0\u00bbPortes Ouvertes \u2013 D\u00e9gustation des nouveaux mill\u00e9simes\u00a0\u00bb image=\u00a0\u00bbhttps:\/\/coeytaux-vins.ch\/wp-content\/uploads\/2024\/11\/Portes-Ouvertes-photo-pour-site-Evenements.jpg\u00a0\u00bb icon_placement=\u00a0\u00bbleft\u00a0\u00bb image_icon_width=\u00a0\u00bb315px\u00a0\u00bb content_max_width=\u00a0\u00bb1060px\u00a0\u00bb icon_placement_tablet=\u00a0\u00bb\u00a0\u00bb icon_placement_phone=\u00a0\u00bbtop\u00a0\u00bb icon_placement_last_edited=\u00a0\u00bbon|phone\u00a0\u00bb image_icon_width_tablet=\u00a0\u00bb220px\u00a0\u00bb image_icon_width_phone=\u00a0\u00bb100%\u00a0\u00bb image_icon_width_last_edited=\u00a0\u00bbon|phone\u00a0\u00bb admin_label=\u00a0\u00bbSoir\u00e9e Accords Vins et Fromages\u00a0\u00bb module_class=\u00a0\u00bbextended_blurb manually_date\u00a0\u00bb _builder_version=\u00a0\u00bb4.27.4&Prime; header_text_color=\u00a0\u00bb#56735a\u00a0\u00bb header_font_size=\u00a0\u00bb22px\u00a0\u00bb background_enable_image=\u00a0\u00bboff\u00a0\u00bb image_icon_custom_padding_tablet=\u00a0\u00bb\u00a0\u00bb image_icon_custom_padding_phone=\u00a0\u00bb\u00a0\u00bb image_icon_custom_padding_last_edited=\u00a0\u00bbon|phone\u00a0\u00bb custom_margin=\u00a0\u00bb||0px||false|false\u00a0\u00bb header_font_size_tablet=\u00a0\u00bb\u00a0\u00bb header_font_size_phone=\u00a0\u00bb20px\u00a0\u00bb header_font_size_last_edited=\u00a0\u00bbon|desktop\u00a0\u00bb text_orientation_tablet=\u00a0\u00bb\u00a0\u00bb text_orientation_phone=\u00a0\u00bbleft\u00a0\u00bb text_orientation_last_edited=\u00a0\u00bbon|phone\u00a0\u00bb custom_css_blurb_image=\u00a0\u00bbvertical-align: top;\u00a0\u00bb custom_css_blurb_content=\u00a0\u00bbwidth: 100%;\u00a0\u00bb border_width_all_image_tablet=\u00a0\u00bb\u00a0\u00bb border_width_all_image_phone=\u00a0\u00bb\u00a0\u00bb border_width_all_image_last_edited=\u00a0\u00bbon|phone\u00a0\u00bb image_max_width=\u00a0\u00bb315px\u00a0\u00bb image_max_width_tablet=\u00a0\u00bb220px\u00a0\u00bb image_max_width_phone=\u00a0\u00bb100%\u00a0\u00bb image_max_width_last_edited=\u00a0\u00bbon|phone\u00a0\u00bb global_colors_info=\u00a0\u00bb{}\u00a0\u00bb]<\/p>\n<p><strong>Jeudi 30 avril au dimanche 3 mai 2026<br \/><\/strong>Portes Ouvertes et d\u00e9gustation des nouveaux mill\u00e9simes 2025!<br \/><strong>Horaires\u00a0<\/strong>:<br \/>&#8211; Jeudi 30 avril 2026\u00a0: de 17h \u00e0 21h<br \/>&#8211; Vendredi 1er mai 2026\u00a0: de 17h \u00e0 21h<br \/>&#8211; Samedi 2 mai 2026\u00a0: de 10h \u00e0 14h<br \/>&#8211; Dimanche 3 mai 2026\u00a0: de 10h \u00e0 14h<br \/>Ambiance conviviale et d\u00e9contract\u00e9e. Nous vous attendons nombreux! \ud83c\udf47<\/p>\n<p>[\/et_pb_blurb][et_pb_blurb title=\u00a0\u00bbExposition de peintures \u2013 Claudine Perey \u00a0\u00bb image=\u00a0\u00bbhttps:\/\/coeytaux-vins.ch\/wp-content\/uploads\/2025\/11\/Photo-pour-agenda-de-notre-site.jpg\u00a0\u00bb icon_placement=\u00a0\u00bbleft\u00a0\u00bb image_icon_width=\u00a0\u00bb315px\u00a0\u00bb content_max_width=\u00a0\u00bb1060px\u00a0\u00bb icon_placement_tablet=\u00a0\u00bb\u00a0\u00bb icon_placement_phone=\u00a0\u00bbtop\u00a0\u00bb icon_placement_last_edited=\u00a0\u00bbon|phone\u00a0\u00bb image_icon_width_tablet=\u00a0\u00bb220px\u00a0\u00bb image_icon_width_phone=\u00a0\u00bb100%\u00a0\u00bb image_icon_width_last_edited=\u00a0\u00bbon|phone\u00a0\u00bb admin_label=\u00a0\u00bbSoir\u00e9e Accords Vins et Fromages\u00a0\u00bb module_class=\u00a0\u00bbextended_blurb manually_date\u00a0\u00bb _builder_version=\u00a0\u00bb4.27.4&Prime; header_text_color=\u00a0\u00bb#56735a\u00a0\u00bb header_font_size=\u00a0\u00bb22px\u00a0\u00bb background_enable_image=\u00a0\u00bboff\u00a0\u00bb image_icon_custom_padding_tablet=\u00a0\u00bb\u00a0\u00bb image_icon_custom_padding_phone=\u00a0\u00bb\u00a0\u00bb image_icon_custom_padding_last_edited=\u00a0\u00bbon|phone\u00a0\u00bb custom_margin=\u00a0\u00bb||0px||false|false\u00a0\u00bb header_font_size_tablet=\u00a0\u00bb\u00a0\u00bb header_font_size_phone=\u00a0\u00bb20px\u00a0\u00bb header_font_size_last_edited=\u00a0\u00bbon|desktop\u00a0\u00bb text_orientation_tablet=\u00a0\u00bb\u00a0\u00bb text_orientation_phone=\u00a0\u00bbleft\u00a0\u00bb text_orientation_last_edited=\u00a0\u00bbon|phone\u00a0\u00bb custom_css_blurb_image=\u00a0\u00bbvertical-align: top;\u00a0\u00bb custom_css_blurb_content=\u00a0\u00bbwidth: 100%;\u00a0\u00bb border_width_all_image_tablet=\u00a0\u00bb\u00a0\u00bb border_width_all_image_phone=\u00a0\u00bb\u00a0\u00bb border_width_all_image_last_edited=\u00a0\u00bbon|phone\u00a0\u00bb image_max_width=\u00a0\u00bb315px\u00a0\u00bb image_max_width_tablet=\u00a0\u00bb220px\u00a0\u00bb image_max_width_phone=\u00a0\u00bb100%\u00a0\u00bb image_max_width_last_edited=\u00a0\u00bbon|phone\u00a0\u00bb global_colors_info=\u00a0\u00bb{}\u00a0\u00bb]<\/p>\n<p><strong>Avril et Mai 2026<br \/><\/strong>Claudine Perey, de Yens, pr\u00e9sentera ses magnifiques \u0153uvres (acrylique et pastel) sur les murs de notre caveau pendant les mois d&rsquo;avril et mai 2026.<br \/>Vous pourrez venir les admirer <strong>tous les samedis, de 10h \u00e0 13h<\/strong>.<br \/>Le <strong>vernissage<\/strong> aura lieu le <strong>samedi 11 avril 2026, de 10h \u00e0 14h<\/strong>.<br \/>Un moment convivial pour rencontrer l\u2019artiste et d\u00e9couvrir ses tableaux autour d\u2019un verre de l\u2019amiti\u00e9. <strong>Soyez les bienvenus !<\/strong><\/p>\n<p>[\/et_pb_blurb][et_pb_blurb title=\u00a0\u00bbR\u00e9ception de nos \u00abPropri\u00e9taires de ceps\u00bb!  \u00a0\u00bb image=\u00a0\u00bbhttps:\/\/coeytaux-vins.ch\/wp-content\/uploads\/2025\/11\/Photo-pour-agenda-de-notre-site-2.jpg\u00a0\u00bb icon_placement=\u00a0\u00bbleft\u00a0\u00bb image_icon_width=\u00a0\u00bb315px\u00a0\u00bb content_max_width=\u00a0\u00bb1060px\u00a0\u00bb icon_placement_tablet=\u00a0\u00bb\u00a0\u00bb icon_placement_phone=\u00a0\u00bbtop\u00a0\u00bb icon_placement_last_edited=\u00a0\u00bbon|phone\u00a0\u00bb image_icon_width_tablet=\u00a0\u00bb220px\u00a0\u00bb image_icon_width_phone=\u00a0\u00bb100%\u00a0\u00bb image_icon_width_last_edited=\u00a0\u00bbon|phone\u00a0\u00bb admin_label=\u00a0\u00bbSoir\u00e9e Accords Vins et Fromages\u00a0\u00bb module_class=\u00a0\u00bbextended_blurb manually_date\u00a0\u00bb _builder_version=\u00a0\u00bb4.27.4&Prime; header_text_color=\u00a0\u00bb#56735a\u00a0\u00bb header_font_size=\u00a0\u00bb22px\u00a0\u00bb background_enable_image=\u00a0\u00bboff\u00a0\u00bb image_icon_custom_padding_tablet=\u00a0\u00bb\u00a0\u00bb image_icon_custom_padding_phone=\u00a0\u00bb\u00a0\u00bb image_icon_custom_padding_last_edited=\u00a0\u00bbon|phone\u00a0\u00bb custom_margin=\u00a0\u00bb||0px||false|false\u00a0\u00bb header_font_size_tablet=\u00a0\u00bb\u00a0\u00bb header_font_size_phone=\u00a0\u00bb20px\u00a0\u00bb header_font_size_last_edited=\u00a0\u00bbon|desktop\u00a0\u00bb text_orientation_tablet=\u00a0\u00bb\u00a0\u00bb text_orientation_phone=\u00a0\u00bbleft\u00a0\u00bb text_orientation_last_edited=\u00a0\u00bbon|phone\u00a0\u00bb custom_css_blurb_image=\u00a0\u00bbvertical-align: top;\u00a0\u00bb custom_css_blurb_content=\u00a0\u00bbwidth: 100%;\u00a0\u00bb border_width_all_image_tablet=\u00a0\u00bb\u00a0\u00bb border_width_all_image_phone=\u00a0\u00bb\u00a0\u00bb border_width_all_image_last_edited=\u00a0\u00bbon|phone\u00a0\u00bb image_max_width=\u00a0\u00bb315px\u00a0\u00bb image_max_width_tablet=\u00a0\u00bb220px\u00a0\u00bb image_max_width_phone=\u00a0\u00bb100%\u00a0\u00bb image_max_width_last_edited=\u00a0\u00bbon|phone\u00a0\u00bb global_colors_info=\u00a0\u00bb{}\u00a0\u00bb]<\/p>\n<p><strong>Samedi 9 mai 2026<br \/><\/strong>Au programme\u00a0: Accueil et d\u00e9gustation de nos diff\u00e9rents vins et c\u00e9pages \u2013 Visite du Domaine et du vignoble \u2013 Raclette pour le repas de midi!<br \/>Nous invitons tous nos \u00abPropri\u00e9taires de ceps\u00bb \u00e0 participer \u00e0 cette journ\u00e9e conviviale et chaleureuse! Nous vous attendons nombreux. <strong>Sur inscription uniquement.<\/strong><\/p>\n<p>[\/et_pb_blurb][et_pb_blurb title=\u00a0\u00bbCaves Ouvertes Vaudoises 2026  \u00a0\u00bb image=\u00a0\u00bbhttps:\/\/coeytaux-vins.ch\/wp-content\/uploads\/2026\/02\/Photo-pour-agenda-et-evenement-de-notre-site-2025-11.jpg\u00a0\u00bb icon_placement=\u00a0\u00bbleft\u00a0\u00bb image_icon_width=\u00a0\u00bb315px\u00a0\u00bb content_max_width=\u00a0\u00bb1060px\u00a0\u00bb icon_placement_tablet=\u00a0\u00bb\u00a0\u00bb icon_placement_phone=\u00a0\u00bbtop\u00a0\u00bb icon_placement_last_edited=\u00a0\u00bbon|phone\u00a0\u00bb image_icon_width_tablet=\u00a0\u00bb220px\u00a0\u00bb image_icon_width_phone=\u00a0\u00bb100%\u00a0\u00bb image_icon_width_last_edited=\u00a0\u00bbon|phone\u00a0\u00bb admin_label=\u00a0\u00bbSoir\u00e9e Accords Vins et Fromages\u00a0\u00bb module_class=\u00a0\u00bbextended_blurb manually_date\u00a0\u00bb _builder_version=\u00a0\u00bb4.27.4&Prime; header_text_color=\u00a0\u00bb#56735a\u00a0\u00bb header_font_size=\u00a0\u00bb22px\u00a0\u00bb background_enable_image=\u00a0\u00bboff\u00a0\u00bb image_icon_custom_padding_tablet=\u00a0\u00bb\u00a0\u00bb image_icon_custom_padding_phone=\u00a0\u00bb\u00a0\u00bb image_icon_custom_padding_last_edited=\u00a0\u00bbon|phone\u00a0\u00bb custom_margin=\u00a0\u00bb||0px||false|false\u00a0\u00bb header_font_size_tablet=\u00a0\u00bb\u00a0\u00bb header_font_size_phone=\u00a0\u00bb20px\u00a0\u00bb header_font_size_last_edited=\u00a0\u00bbon|desktop\u00a0\u00bb text_orientation_tablet=\u00a0\u00bb\u00a0\u00bb text_orientation_phone=\u00a0\u00bbleft\u00a0\u00bb text_orientation_last_edited=\u00a0\u00bbon|phone\u00a0\u00bb custom_css_blurb_image=\u00a0\u00bbvertical-align: top;\u00a0\u00bb custom_css_blurb_content=\u00a0\u00bbwidth: 100%;\u00a0\u00bb border_width_all_image_tablet=\u00a0\u00bb\u00a0\u00bb border_width_all_image_phone=\u00a0\u00bb\u00a0\u00bb border_width_all_image_last_edited=\u00a0\u00bbon|phone\u00a0\u00bb image_max_width=\u00a0\u00bb315px\u00a0\u00bb image_max_width_tablet=\u00a0\u00bb220px\u00a0\u00bb image_max_width_phone=\u00a0\u00bb100%\u00a0\u00bb image_max_width_last_edited=\u00a0\u00bbon|phone\u00a0\u00bb global_colors_info=\u00a0\u00bb{}\u00a0\u00bb]<\/p>\n<p><strong>Samedi 23 et dimanche 24 mai 2026<br \/><\/strong>Accueil dans notre <strong>authentique caveau datant de 1597<\/strong>!<br \/>\ud83c\udf77 Visite de la cave et d\u00e9gustation de nos diff\u00e9rents vins et c\u00e9pages<br \/>\ud83c\udfb8 Concerts The Fumas \u00e0 11h30 et 15h00 durant les 2 jours!<br \/>\ud83c\udfa8 Magnifique exposition de peintures de Claudine Perey, artiste-peintre, Yens<br \/>\ud83e\uddc0 Raclette servie tout au long des 2 journ\u00e9es<br \/>\ud83c\udf9f\ufe0f Passeports de d\u00e9gustation disponibles sur place<br \/>Pour tout renseignement, n\u2019h\u00e9sitez pas \u00e0 nous appeler au <strong>+41 (0)21 800 47 38<\/strong>.<br \/>Nous nous r\u00e9jouissons de vous accueillir!<\/p>\n<p>[\/et_pb_blurb][et_pb_blurb title=\u00a0\u00bb\u00abSamedis Gourmands\u00bb \u2013 D\u00e9gustation et Repas Gastronomique!\u00a0\u00bb image=\u00a0\u00bbhttps:\/\/coeytaux-vins.ch\/wp-content\/uploads\/2025\/11\/Cave-Jean-Daniel-Coeytaux-Samedi-Gourmand-6.jpg\u00a0\u00bb icon_placement=\u00a0\u00bbleft\u00a0\u00bb image_icon_width=\u00a0\u00bb315px\u00a0\u00bb content_max_width=\u00a0\u00bb1060px\u00a0\u00bb icon_placement_tablet=\u00a0\u00bb\u00a0\u00bb icon_placement_phone=\u00a0\u00bbtop\u00a0\u00bb icon_placement_last_edited=\u00a0\u00bbon|phone\u00a0\u00bb image_icon_width_tablet=\u00a0\u00bb220px\u00a0\u00bb image_icon_width_phone=\u00a0\u00bb100%\u00a0\u00bb image_icon_width_last_edited=\u00a0\u00bbon|phone\u00a0\u00bb admin_label=\u00a0\u00bbSoir\u00e9e Accords Vins et Fromages\u00a0\u00bb module_class=\u00a0\u00bbextended_blurb manually_date\u00a0\u00bb _builder_version=\u00a0\u00bb4.27.4&Prime; header_text_color=\u00a0\u00bb#56735a\u00a0\u00bb header_font_size=\u00a0\u00bb22px\u00a0\u00bb background_enable_image=\u00a0\u00bboff\u00a0\u00bb image_icon_custom_padding_tablet=\u00a0\u00bb\u00a0\u00bb image_icon_custom_padding_phone=\u00a0\u00bb\u00a0\u00bb image_icon_custom_padding_last_edited=\u00a0\u00bbon|phone\u00a0\u00bb custom_margin=\u00a0\u00bb||0px||false|false\u00a0\u00bb header_font_size_tablet=\u00a0\u00bb\u00a0\u00bb header_font_size_phone=\u00a0\u00bb20px\u00a0\u00bb header_font_size_last_edited=\u00a0\u00bbon|desktop\u00a0\u00bb text_orientation_tablet=\u00a0\u00bb\u00a0\u00bb text_orientation_phone=\u00a0\u00bbleft\u00a0\u00bb text_orientation_last_edited=\u00a0\u00bbon|phone\u00a0\u00bb custom_css_blurb_image=\u00a0\u00bbvertical-align: top;\u00a0\u00bb custom_css_blurb_content=\u00a0\u00bbwidth: 100%;\u00a0\u00bb border_width_all_image_tablet=\u00a0\u00bb\u00a0\u00bb border_width_all_image_phone=\u00a0\u00bb\u00a0\u00bb border_width_all_image_last_edited=\u00a0\u00bbon|phone\u00a0\u00bb image_max_width=\u00a0\u00bb315px\u00a0\u00bb image_max_width_tablet=\u00a0\u00bb220px\u00a0\u00bb image_max_width_phone=\u00a0\u00bb100%\u00a0\u00bb image_max_width_last_edited=\u00a0\u00bbon|phone\u00a0\u00bb global_colors_info=\u00a0\u00bb{}\u00a0\u00bb]<\/p>\n<p><strong>Samedi 30 mai 2026<br \/><\/strong>Pr\u00e9sentation du Domaine, Visite de la vigne, Diaporama, <strong>D\u00e9gustation comment\u00e9e des diff\u00e9rents vins et c\u00e9pages \u00e9lev\u00e9s dans les caves du Domaine<\/strong> accompagn\u00e9e de produits du terroir!<br \/>Vous serez ensuite accueillis au Restaurant de l\u2019H\u00f4tel de Ville, \u00e0 Vullierens, pour d\u00e9guster le <strong>\u00abMenu D\u00e9couverte Gastronomique\u00bb<\/strong>, servi avec un verre de vin en accord pour chaque plat.<br \/><strong>Horaires:<\/strong><br \/>&#8211; 10h45 pr\u00e9cise \u00e0 la Cave Jean-Daniel Coeytaux, Yens<br \/>&#8211; 12h30 D\u00e9part pour le Restaurant de l\u2019H\u00f4tel de Ville, Vullierens<br \/>&#8211; 13h15 Repas au Restaurant de l\u2019H\u00f4tel de Ville, Vullierens<br \/><strong>Prix:<\/strong> CHF 95.&#8211; \/ pers. tout compris.<br \/><strong>R\u00e9servations:<br \/><\/strong>&#8211; Par t\u00e9l au Restaurant de l\u2019H\u00f4tel de Ville de Vullierens : +41 (0)21 611 61 82<br \/>&#8211; En ligne en cliquant <a href=\"https:\/\/coeytaux-vins.ch\/fr\/samedis-gourmands\/\">sur ce lien<\/a>.<br \/><strong>D\u00e9lai de r\u00e9servation:<\/strong> jusqu\u2019au mercredi 27 mai 2026.<br \/>Pour consultation du menu et autres informations: <a href=\"https:\/\/coeytaux-vins.ch\/fr\/samedis-gourmands\/\">C&rsquo;est par ici!<\/a>\u00a0<\/p>\n<p>[\/et_pb_blurb][et_pb_blurb title=\u00a0\u00bbLivraisons \u00abTour de Suisse\u00bb  \u00a0\u00bb image=\u00a0\u00bbhttps:\/\/coeytaux-vins.ch\/wp-content\/uploads\/2024\/11\/Livraison-1-photo-pour-site-Evenements.jpg\u00a0\u00bb icon_placement=\u00a0\u00bbleft\u00a0\u00bb image_icon_width=\u00a0\u00bb315px\u00a0\u00bb content_max_width=\u00a0\u00bb1060px\u00a0\u00bb icon_placement_tablet=\u00a0\u00bb\u00a0\u00bb icon_placement_phone=\u00a0\u00bbtop\u00a0\u00bb icon_placement_last_edited=\u00a0\u00bbon|phone\u00a0\u00bb image_icon_width_tablet=\u00a0\u00bb220px\u00a0\u00bb image_icon_width_phone=\u00a0\u00bb100%\u00a0\u00bb image_icon_width_last_edited=\u00a0\u00bbon|phone\u00a0\u00bb admin_label=\u00a0\u00bbSoir\u00e9e Accords Vins et Fromages\u00a0\u00bb module_class=\u00a0\u00bbextended_blurb manually_date\u00a0\u00bb _builder_version=\u00a0\u00bb4.27.4&Prime; header_text_color=\u00a0\u00bb#56735a\u00a0\u00bb header_font_size=\u00a0\u00bb22px\u00a0\u00bb background_enable_image=\u00a0\u00bboff\u00a0\u00bb image_icon_custom_padding_tablet=\u00a0\u00bb\u00a0\u00bb image_icon_custom_padding_phone=\u00a0\u00bb\u00a0\u00bb image_icon_custom_padding_last_edited=\u00a0\u00bbon|phone\u00a0\u00bb custom_margin=\u00a0\u00bb||0px||false|false\u00a0\u00bb header_font_size_tablet=\u00a0\u00bb\u00a0\u00bb header_font_size_phone=\u00a0\u00bb20px\u00a0\u00bb header_font_size_last_edited=\u00a0\u00bbon|desktop\u00a0\u00bb text_orientation_tablet=\u00a0\u00bb\u00a0\u00bb text_orientation_phone=\u00a0\u00bbleft\u00a0\u00bb text_orientation_last_edited=\u00a0\u00bbon|phone\u00a0\u00bb custom_css_blurb_image=\u00a0\u00bbvertical-align: top;\u00a0\u00bb custom_css_blurb_content=\u00a0\u00bbwidth: 100%;\u00a0\u00bb border_width_all_image_tablet=\u00a0\u00bb\u00a0\u00bb border_width_all_image_phone=\u00a0\u00bb\u00a0\u00bb border_width_all_image_last_edited=\u00a0\u00bbon|phone\u00a0\u00bb image_max_width=\u00a0\u00bb315px\u00a0\u00bb image_max_width_tablet=\u00a0\u00bb220px\u00a0\u00bb image_max_width_phone=\u00a0\u00bb100%\u00a0\u00bb image_max_width_last_edited=\u00a0\u00bbon|phone\u00a0\u00bb global_colors_info=\u00a0\u00bb{}\u00a0\u00bb]<\/p>\n<p><strong>Jeudi 11 et vendredi 12 juin 2026<br \/><\/strong>Profitez d\u2019une <strong>livraison gratuite \u00e0 domicile<\/strong> (d\u00e8s 2 cartons) \ud83c\udf77<br \/>\ud83d\udce6 <strong>Pour passer commande :<\/strong> <span><a href=\"https:\/\/coeytaux-vins.ch\/fr\/nos-vins\/\">cliquez sur ce lien<\/a><br \/><\/span>\ud83d\udcde Pour tout renseignement, appelez-nous au <strong>+41 21 800 47 38<\/strong>.<\/p>\n<p>[\/et_pb_blurb][et_pb_blurb title=\u00a0\u00bb\u00abSamedis Gourmands\u00bb \u2013 D\u00e9gustation et Repas Gastronomique!\u00a0\u00bb image=\u00a0\u00bbhttps:\/\/coeytaux-vins.ch\/wp-content\/uploads\/2025\/11\/Cave-Jean-Daniel-Coeytaux-Samedi-Gourmand-5.jpg\u00a0\u00bb icon_placement=\u00a0\u00bbleft\u00a0\u00bb image_icon_width=\u00a0\u00bb315px\u00a0\u00bb content_max_width=\u00a0\u00bb1060px\u00a0\u00bb icon_placement_tablet=\u00a0\u00bb\u00a0\u00bb icon_placement_phone=\u00a0\u00bbtop\u00a0\u00bb icon_placement_last_edited=\u00a0\u00bbon|phone\u00a0\u00bb image_icon_width_tablet=\u00a0\u00bb220px\u00a0\u00bb image_icon_width_phone=\u00a0\u00bb100%\u00a0\u00bb image_icon_width_last_edited=\u00a0\u00bbon|phone\u00a0\u00bb admin_label=\u00a0\u00bbSoir\u00e9e Accords Vins et Fromages\u00a0\u00bb module_class=\u00a0\u00bbextended_blurb manually_date\u00a0\u00bb _builder_version=\u00a0\u00bb4.27.4&Prime; header_text_color=\u00a0\u00bb#56735a\u00a0\u00bb header_font_size=\u00a0\u00bb22px\u00a0\u00bb background_enable_image=\u00a0\u00bboff\u00a0\u00bb image_icon_custom_padding_tablet=\u00a0\u00bb\u00a0\u00bb image_icon_custom_padding_phone=\u00a0\u00bb\u00a0\u00bb image_icon_custom_padding_last_edited=\u00a0\u00bbon|phone\u00a0\u00bb custom_margin=\u00a0\u00bb||0px||false|false\u00a0\u00bb header_font_size_tablet=\u00a0\u00bb\u00a0\u00bb header_font_size_phone=\u00a0\u00bb20px\u00a0\u00bb header_font_size_last_edited=\u00a0\u00bbon|desktop\u00a0\u00bb text_orientation_tablet=\u00a0\u00bb\u00a0\u00bb text_orientation_phone=\u00a0\u00bbleft\u00a0\u00bb text_orientation_last_edited=\u00a0\u00bbon|phone\u00a0\u00bb custom_css_blurb_image=\u00a0\u00bbvertical-align: top;\u00a0\u00bb custom_css_blurb_content=\u00a0\u00bbwidth: 100%;\u00a0\u00bb border_width_all_image_tablet=\u00a0\u00bb\u00a0\u00bb border_width_all_image_phone=\u00a0\u00bb\u00a0\u00bb border_width_all_image_last_edited=\u00a0\u00bbon|phone\u00a0\u00bb image_max_width=\u00a0\u00bb315px\u00a0\u00bb image_max_width_tablet=\u00a0\u00bb220px\u00a0\u00bb image_max_width_phone=\u00a0\u00bb100%\u00a0\u00bb image_max_width_last_edited=\u00a0\u00bbon|phone\u00a0\u00bb global_colors_info=\u00a0\u00bb{}\u00a0\u00bb]<\/p>\n<p><strong>Samedi 13 juin 2026<br \/><\/strong>Pr\u00e9sentation du Domaine, Visite de la vigne, Diaporama, <strong>D\u00e9gustation comment\u00e9e des diff\u00e9rents vins et c\u00e9pages \u00e9lev\u00e9s dans les caves du Domaine<\/strong> accompagn\u00e9e de produits du terroir!<br \/>Vous serez ensuite accueillis au Restaurant de l\u2019H\u00f4tel de Ville, \u00e0 Vullierens, pour d\u00e9guster le <strong>\u00abMenu D\u00e9couverte Gastronomique\u00bb<\/strong>, servi avec un verre de vin en accord pour chaque plat.<br \/><strong>Horaires:<\/strong><br \/>&#8211; 10h45 pr\u00e9cise \u00e0 la Cave Jean-Daniel Coeytaux, Yens<br \/>&#8211; 12h30 D\u00e9part pour le Restaurant de l\u2019H\u00f4tel de Ville, Vullierens<br \/>&#8211; 13h15 Repas au Restaurant de l\u2019H\u00f4tel de Ville, Vullierens<br \/><strong>Prix:<\/strong> CHF 95.&#8211; \/ pers. tout compris.<br \/><strong>R\u00e9servations:<br \/><\/strong>&#8211; Par t\u00e9l au Restaurant de l\u2019H\u00f4tel de Ville de Vullierens : +41 (0)21 611 61 82<br \/>&#8211; En ligne en cliquant <a href=\"https:\/\/coeytaux-vins.ch\/fr\/samedis-gourmands\/\">sur ce lien<\/a>.<br \/><strong>D\u00e9lai de r\u00e9servation:<\/strong> jusqu\u2019au mercredi 10 juin 2026.<br \/>Pour consultation du menu et autres informations: <a href=\"https:\/\/coeytaux-vins.ch\/fr\/samedis-gourmands\/\">C&rsquo;est par ici!<\/a><\/p>\n<p>[\/et_pb_blurb][et_pb_blurb title=\u00a0\u00bb\u00abSamedis Gourmands\u00bb \u2013 D\u00e9gustation et Repas Gastronomique!\u00a0\u00bb image=\u00a0\u00bbhttps:\/\/coeytaux-vins.ch\/wp-content\/uploads\/2025\/11\/Cave-Jean-Daniel-Coeytaux-Samedi-Gourmand-4.jpg\u00a0\u00bb icon_placement=\u00a0\u00bbleft\u00a0\u00bb image_icon_width=\u00a0\u00bb315px\u00a0\u00bb content_max_width=\u00a0\u00bb1060px\u00a0\u00bb icon_placement_tablet=\u00a0\u00bb\u00a0\u00bb icon_placement_phone=\u00a0\u00bbtop\u00a0\u00bb icon_placement_last_edited=\u00a0\u00bbon|phone\u00a0\u00bb image_icon_width_tablet=\u00a0\u00bb220px\u00a0\u00bb image_icon_width_phone=\u00a0\u00bb100%\u00a0\u00bb image_icon_width_last_edited=\u00a0\u00bbon|phone\u00a0\u00bb admin_label=\u00a0\u00bbSoir\u00e9e Accords Vins et Fromages\u00a0\u00bb module_class=\u00a0\u00bbextended_blurb manually_date\u00a0\u00bb _builder_version=\u00a0\u00bb4.27.4&Prime; header_text_color=\u00a0\u00bb#56735a\u00a0\u00bb header_font_size=\u00a0\u00bb22px\u00a0\u00bb background_enable_image=\u00a0\u00bboff\u00a0\u00bb image_icon_custom_padding_tablet=\u00a0\u00bb\u00a0\u00bb image_icon_custom_padding_phone=\u00a0\u00bb\u00a0\u00bb image_icon_custom_padding_last_edited=\u00a0\u00bbon|phone\u00a0\u00bb custom_margin=\u00a0\u00bb||0px||false|false\u00a0\u00bb header_font_size_tablet=\u00a0\u00bb\u00a0\u00bb header_font_size_phone=\u00a0\u00bb20px\u00a0\u00bb header_font_size_last_edited=\u00a0\u00bbon|desktop\u00a0\u00bb text_orientation_tablet=\u00a0\u00bb\u00a0\u00bb text_orientation_phone=\u00a0\u00bbleft\u00a0\u00bb text_orientation_last_edited=\u00a0\u00bbon|phone\u00a0\u00bb custom_css_blurb_image=\u00a0\u00bbvertical-align: top;\u00a0\u00bb custom_css_blurb_content=\u00a0\u00bbwidth: 100%;\u00a0\u00bb border_width_all_image_tablet=\u00a0\u00bb\u00a0\u00bb border_width_all_image_phone=\u00a0\u00bb\u00a0\u00bb border_width_all_image_last_edited=\u00a0\u00bbon|phone\u00a0\u00bb image_max_width=\u00a0\u00bb315px\u00a0\u00bb image_max_width_tablet=\u00a0\u00bb220px\u00a0\u00bb image_max_width_phone=\u00a0\u00bb100%\u00a0\u00bb image_max_width_last_edited=\u00a0\u00bbon|phone\u00a0\u00bb global_colors_info=\u00a0\u00bb{}\u00a0\u00bb]<\/p>\n<p><strong>Samedi 20 juin 2026<br \/><\/strong>Pr\u00e9sentation du Domaine, Visite de la vigne, Diaporama, <strong>D\u00e9gustation comment\u00e9e des diff\u00e9rents vins et c\u00e9pages \u00e9lev\u00e9s dans les caves du Domaine<\/strong> accompagn\u00e9e de produits du terroir!<br \/>Vous serez ensuite accueillis au Restaurant de l\u2019H\u00f4tel de Ville, \u00e0 Vullierens, pour d\u00e9guster le <strong>\u00abMenu D\u00e9couverte Gastronomique\u00bb<\/strong>, servi avec un verre de vin en accord pour chaque plat.<br \/><strong>Horaires:<\/strong><br \/>&#8211; 10h45 pr\u00e9cise \u00e0 la Cave Jean-Daniel Coeytaux, Yens<br \/>&#8211; 12h30 D\u00e9part pour le Restaurant de l\u2019H\u00f4tel de Ville, Vullierens<br \/>&#8211; 13h15 Repas au Restaurant de l\u2019H\u00f4tel de Ville, Vullierens<br \/><strong>Prix:<\/strong> CHF 95.&#8211; \/ pers. tout compris.<br \/><strong>R\u00e9servations:<br \/><\/strong>&#8211; Par t\u00e9l au Restaurant de l\u2019H\u00f4tel de Ville de Vullierens : +41 (0)21 611 61 82<br \/>&#8211; En ligne en cliquant <a href=\"https:\/\/coeytaux-vins.ch\/fr\/samedis-gourmands\/\">sur ce lien<\/a>.<br \/><strong>D\u00e9lai de r\u00e9servation:<\/strong> jusqu\u2019au mercredi 17 juin 2026.<br \/>Pour consultation du menu et autres informations: <a href=\"https:\/\/coeytaux-vins.ch\/fr\/samedis-gourmands\/\">C&rsquo;est par ici!<\/a><\/p>\n<p>[\/et_pb_blurb][et_pb_blurb title=\u00a0\u00bb\u00abSamedis Gourmands\u00bb \u2013 D\u00e9gustation et Repas Gastronomique!\u00a0\u00bb image=\u00a0\u00bbhttps:\/\/coeytaux-vins.ch\/wp-content\/uploads\/2025\/11\/Cave-Jean-Daniel-Coeytaux-Samedi-Gourmand-3.jpg\u00a0\u00bb icon_placement=\u00a0\u00bbleft\u00a0\u00bb image_icon_width=\u00a0\u00bb315px\u00a0\u00bb content_max_width=\u00a0\u00bb1060px\u00a0\u00bb icon_placement_tablet=\u00a0\u00bb\u00a0\u00bb icon_placement_phone=\u00a0\u00bbtop\u00a0\u00bb icon_placement_last_edited=\u00a0\u00bbon|phone\u00a0\u00bb image_icon_width_tablet=\u00a0\u00bb220px\u00a0\u00bb image_icon_width_phone=\u00a0\u00bb100%\u00a0\u00bb image_icon_width_last_edited=\u00a0\u00bbon|phone\u00a0\u00bb admin_label=\u00a0\u00bbSoir\u00e9e Accords Vins et Fromages\u00a0\u00bb module_class=\u00a0\u00bbextended_blurb manually_date\u00a0\u00bb _builder_version=\u00a0\u00bb4.27.4&Prime; header_text_color=\u00a0\u00bb#56735a\u00a0\u00bb header_font_size=\u00a0\u00bb22px\u00a0\u00bb background_enable_image=\u00a0\u00bboff\u00a0\u00bb image_icon_custom_padding_tablet=\u00a0\u00bb\u00a0\u00bb image_icon_custom_padding_phone=\u00a0\u00bb\u00a0\u00bb image_icon_custom_padding_last_edited=\u00a0\u00bbon|phone\u00a0\u00bb custom_margin=\u00a0\u00bb||0px||false|false\u00a0\u00bb header_font_size_tablet=\u00a0\u00bb\u00a0\u00bb header_font_size_phone=\u00a0\u00bb20px\u00a0\u00bb header_font_size_last_edited=\u00a0\u00bbon|desktop\u00a0\u00bb text_orientation_tablet=\u00a0\u00bb\u00a0\u00bb text_orientation_phone=\u00a0\u00bbleft\u00a0\u00bb text_orientation_last_edited=\u00a0\u00bbon|phone\u00a0\u00bb custom_css_blurb_image=\u00a0\u00bbvertical-align: top;\u00a0\u00bb custom_css_blurb_content=\u00a0\u00bbwidth: 100%;\u00a0\u00bb border_width_all_image_tablet=\u00a0\u00bb\u00a0\u00bb border_width_all_image_phone=\u00a0\u00bb\u00a0\u00bb border_width_all_image_last_edited=\u00a0\u00bbon|phone\u00a0\u00bb image_max_width=\u00a0\u00bb315px\u00a0\u00bb image_max_width_tablet=\u00a0\u00bb220px\u00a0\u00bb image_max_width_phone=\u00a0\u00bb100%\u00a0\u00bb image_max_width_last_edited=\u00a0\u00bbon|phone\u00a0\u00bb global_colors_info=\u00a0\u00bb{}\u00a0\u00bb]<\/p>\n<p><strong>Samedi 4 juillet 2026<br \/><\/strong>Pr\u00e9sentation du Domaine, Visite de la vigne, Diaporama, <strong>D\u00e9gustation comment\u00e9e des diff\u00e9rents vins et c\u00e9pages \u00e9lev\u00e9s dans les caves du Domaine<\/strong> accompagn\u00e9e de produits du terroir!<br \/>Vous serez ensuite accueillis au Restaurant de l\u2019H\u00f4tel de Ville, \u00e0 Vullierens, pour d\u00e9guster le <strong>\u00abMenu D\u00e9couverte Gastronomique\u00bb<\/strong>, servi avec un verre de vin en accord pour chaque plat.<br \/><strong>Horaires:<\/strong><br \/>&#8211; 10h45 pr\u00e9cise \u00e0 la Cave Jean-Daniel Coeytaux, Yens<br \/>&#8211; 12h30 D\u00e9part pour le Restaurant de l\u2019H\u00f4tel de Ville, Vullierens<br \/>&#8211; 13h15 Repas au Restaurant de l\u2019H\u00f4tel de Ville, Vullierens<br \/><strong>Prix:<\/strong> CHF 95.&#8211; \/ pers. tout compris.<br \/><strong>R\u00e9servations:<br \/><\/strong>&#8211; Par t\u00e9l au Restaurant de l\u2019H\u00f4tel de Ville de Vullierens : +41 (0)21 611 61 82<br \/>&#8211; En ligne en cliquant <a href=\"https:\/\/coeytaux-vins.ch\/fr\/samedis-gourmands\/\">sur ce lien<\/a>.<br \/><strong>D\u00e9lai de r\u00e9servation:<\/strong> jusqu\u2019au mercredi 1er juillet 2026.<br \/>Pour consultation du menu et autres informations: <a href=\"https:\/\/coeytaux-vins.ch\/fr\/samedis-gourmands\/\">C&rsquo;est par ici!<\/a><\/p>\n<p>[\/et_pb_blurb][et_pb_blurb title=\u00a0\u00bbCaf\u2019 Conc : Caf\u00e9 Concert en plein air, Morges\u00a0\u00bb image=\u00a0\u00bbhttps:\/\/coeytaux-vins.ch\/wp-content\/uploads\/2026\/02\/Photo-pour-agenda-et-evenement-de-notre-site-2025-10.jpg\u00a0\u00bb icon_placement=\u00a0\u00bbleft\u00a0\u00bb image_icon_width=\u00a0\u00bb315px\u00a0\u00bb content_max_width=\u00a0\u00bb1060px\u00a0\u00bb icon_placement_tablet=\u00a0\u00bb\u00a0\u00bb icon_placement_phone=\u00a0\u00bbtop\u00a0\u00bb icon_placement_last_edited=\u00a0\u00bbon|phone\u00a0\u00bb image_icon_width_tablet=\u00a0\u00bb220px\u00a0\u00bb image_icon_width_phone=\u00a0\u00bb100%\u00a0\u00bb image_icon_width_last_edited=\u00a0\u00bbon|phone\u00a0\u00bb admin_label=\u00a0\u00bbSoir\u00e9e Accords Vins et Fromages\u00a0\u00bb module_class=\u00a0\u00bbextended_blurb manually_date\u00a0\u00bb _builder_version=\u00a0\u00bb4.27.4&Prime; header_text_color=\u00a0\u00bb#56735a\u00a0\u00bb header_font_size=\u00a0\u00bb22px\u00a0\u00bb background_enable_image=\u00a0\u00bboff\u00a0\u00bb image_icon_custom_padding_tablet=\u00a0\u00bb\u00a0\u00bb image_icon_custom_padding_phone=\u00a0\u00bb\u00a0\u00bb image_icon_custom_padding_last_edited=\u00a0\u00bbon|phone\u00a0\u00bb custom_margin=\u00a0\u00bb||0px||false|false\u00a0\u00bb header_font_size_tablet=\u00a0\u00bb\u00a0\u00bb header_font_size_phone=\u00a0\u00bb20px\u00a0\u00bb header_font_size_last_edited=\u00a0\u00bbon|desktop\u00a0\u00bb text_orientation_tablet=\u00a0\u00bb\u00a0\u00bb text_orientation_phone=\u00a0\u00bbleft\u00a0\u00bb text_orientation_last_edited=\u00a0\u00bbon|phone\u00a0\u00bb custom_css_blurb_image=\u00a0\u00bbvertical-align: top;\u00a0\u00bb custom_css_blurb_content=\u00a0\u00bbwidth: 100%;\u00a0\u00bb border_width_all_image_tablet=\u00a0\u00bb\u00a0\u00bb border_width_all_image_phone=\u00a0\u00bb\u00a0\u00bb border_width_all_image_last_edited=\u00a0\u00bbon|phone\u00a0\u00bb image_max_width=\u00a0\u00bb315px\u00a0\u00bb image_max_width_tablet=\u00a0\u00bb220px\u00a0\u00bb image_max_width_phone=\u00a0\u00bb100%\u00a0\u00bb image_max_width_last_edited=\u00a0\u00bbon|phone\u00a0\u00bb global_colors_info=\u00a0\u00bb{}\u00a0\u00bb]<\/p>\n<p><strong>Vendredi 10 juillet 2026<br \/><\/strong>Nous serons pr\u00e9sents le vendredi 10 juillet 2026, de 17h30 \u00e0 21h30, au Caf\u2019Conc de Morges, dans la cour du Coll\u00e8ge du Bluard.<br \/>C\u2019est dans une ambiance estivale, conviviale et musicale que nous aurons le plaisir de vous faire d\u00e9guster nos diff\u00e9rents vins et c\u00e9pages.<br \/>Petite restauration. Entr\u00e9e libre. Nous vous attendons nombreux!<\/p>\n<p>[\/et_pb_blurb][et_pb_blurb title=\u00a0\u00bb\u00abTavolata-Fondue\u00bb dans le vignoble au cr\u00e9puscule! \u00a0\u00bb image=\u00a0\u00bbhttps:\/\/coeytaux-vins.ch\/wp-content\/uploads\/2024\/11\/Cave-Jean-Daniel-Coeytaux-Fondue-dans-le-vignoble-1-scaled.jpg\u00a0\u00bb icon_placement=\u00a0\u00bbleft\u00a0\u00bb image_icon_width=\u00a0\u00bb315px\u00a0\u00bb content_max_width=\u00a0\u00bb1060px\u00a0\u00bb icon_placement_tablet=\u00a0\u00bb\u00a0\u00bb icon_placement_phone=\u00a0\u00bbtop\u00a0\u00bb icon_placement_last_edited=\u00a0\u00bbon|phone\u00a0\u00bb image_icon_width_tablet=\u00a0\u00bb220px\u00a0\u00bb image_icon_width_phone=\u00a0\u00bb100%\u00a0\u00bb image_icon_width_last_edited=\u00a0\u00bbon|phone\u00a0\u00bb admin_label=\u00a0\u00bbSoir\u00e9e Accords Vins et Fromages\u00a0\u00bb module_class=\u00a0\u00bbextended_blurb manually_date\u00a0\u00bb _builder_version=\u00a0\u00bb4.27.4&Prime; header_text_color=\u00a0\u00bb#56735a\u00a0\u00bb header_font_size=\u00a0\u00bb22px\u00a0\u00bb background_enable_image=\u00a0\u00bboff\u00a0\u00bb image_icon_custom_padding_tablet=\u00a0\u00bb\u00a0\u00bb image_icon_custom_padding_phone=\u00a0\u00bb\u00a0\u00bb image_icon_custom_padding_last_edited=\u00a0\u00bbon|phone\u00a0\u00bb custom_margin=\u00a0\u00bb||0px||false|false\u00a0\u00bb header_font_size_tablet=\u00a0\u00bb\u00a0\u00bb header_font_size_phone=\u00a0\u00bb20px\u00a0\u00bb header_font_size_last_edited=\u00a0\u00bbon|desktop\u00a0\u00bb text_orientation_tablet=\u00a0\u00bb\u00a0\u00bb text_orientation_phone=\u00a0\u00bbleft\u00a0\u00bb text_orientation_last_edited=\u00a0\u00bbon|phone\u00a0\u00bb custom_css_blurb_image=\u00a0\u00bbvertical-align: top;\u00a0\u00bb custom_css_blurb_content=\u00a0\u00bbwidth: 100%;\u00a0\u00bb border_width_all_image_tablet=\u00a0\u00bb\u00a0\u00bb border_width_all_image_phone=\u00a0\u00bb\u00a0\u00bb border_width_all_image_last_edited=\u00a0\u00bbon|phone\u00a0\u00bb image_max_width=\u00a0\u00bb315px\u00a0\u00bb image_max_width_tablet=\u00a0\u00bb220px\u00a0\u00bb image_max_width_phone=\u00a0\u00bb100%\u00a0\u00bb image_max_width_last_edited=\u00a0\u00bbon|phone\u00a0\u00bb global_colors_info=\u00a0\u00bb{}\u00a0\u00bb]<\/p>\n<p><strong>Mercredi 15 juillet 2026<br \/><\/strong>Accueil \u00e0 <strong>18h00 pr\u00e9cises<\/strong> au Domaine.<br \/>Pr\u00e9sentation du Domaine et <strong>d\u00e9gustation comment\u00e9e<\/strong> de nos diff\u00e9rents vins et c\u00e9pages \u00e9lev\u00e9s dans nos caves \ud83c\udf77<br \/>\ud83d\udeb6\u200d\u2640\ufe0f Petite marche d\u2019environ 15 minutes pour rejoindre le vignoble, avec une <strong>vue imprenable sur le L\u00e9man et les Alpes au cr\u00e9puscule<\/strong> ! (Les personnes \u00e0 mobilit\u00e9 r\u00e9duite sont pri\u00e9es de s\u2019annoncer.)<br \/>Une <strong>grande table dress\u00e9e<\/strong> vous attend au c\u0153ur du vignoble pour d\u00e9guster une <strong>d\u00e9licieuse fondue au fromage<\/strong> \ud83e\uded5<br \/>En cas de mauvais temps, un <strong>plan B<\/strong> est pr\u00e9vu !<br \/>\ud83d\udcde <strong>Uniquement sur r\u00e9servation<\/strong> au +41 21 800 47 38 (places limit\u00e9es)<br \/>\ud83d\udcb0 <strong>Prix : CHF 60.\u2013 \/ personne<\/strong> (Comprenant\u00a0: D\u00e9gustation accompagn\u00e9e de produits du terroir, Fondue, 1 bte pour 2 personnes, caf\u00e9).<br \/>\ud83c\udf3f Ambiance familiale, conviviale et chaleureuse garantie !<\/p>\n<p>[\/et_pb_blurb][et_pb_blurb title=\u00a0\u00bb\u00abSamedis Gourmands\u00bb \u2013 D\u00e9gustation et Repas Gastronomique!\u00a0\u00bb image=\u00a0\u00bbhttps:\/\/coeytaux-vins.ch\/wp-content\/uploads\/2025\/11\/Cave-Jean-Daniel-Coeytaux-Samedi-Gourmand-2.jpg\u00a0\u00bb icon_placement=\u00a0\u00bbleft\u00a0\u00bb image_icon_width=\u00a0\u00bb315px\u00a0\u00bb content_max_width=\u00a0\u00bb1060px\u00a0\u00bb icon_placement_tablet=\u00a0\u00bb\u00a0\u00bb icon_placement_phone=\u00a0\u00bbtop\u00a0\u00bb icon_placement_last_edited=\u00a0\u00bbon|phone\u00a0\u00bb image_icon_width_tablet=\u00a0\u00bb220px\u00a0\u00bb image_icon_width_phone=\u00a0\u00bb100%\u00a0\u00bb image_icon_width_last_edited=\u00a0\u00bbon|phone\u00a0\u00bb admin_label=\u00a0\u00bbSoir\u00e9e Accords Vins et Fromages\u00a0\u00bb module_class=\u00a0\u00bbextended_blurb manually_date\u00a0\u00bb _builder_version=\u00a0\u00bb4.27.4&Prime; header_text_color=\u00a0\u00bb#56735a\u00a0\u00bb header_font_size=\u00a0\u00bb22px\u00a0\u00bb background_enable_image=\u00a0\u00bboff\u00a0\u00bb image_icon_custom_padding_tablet=\u00a0\u00bb\u00a0\u00bb image_icon_custom_padding_phone=\u00a0\u00bb\u00a0\u00bb image_icon_custom_padding_last_edited=\u00a0\u00bbon|phone\u00a0\u00bb custom_margin=\u00a0\u00bb||0px||false|false\u00a0\u00bb header_font_size_tablet=\u00a0\u00bb\u00a0\u00bb header_font_size_phone=\u00a0\u00bb20px\u00a0\u00bb header_font_size_last_edited=\u00a0\u00bbon|desktop\u00a0\u00bb text_orientation_tablet=\u00a0\u00bb\u00a0\u00bb text_orientation_phone=\u00a0\u00bbleft\u00a0\u00bb text_orientation_last_edited=\u00a0\u00bbon|phone\u00a0\u00bb custom_css_blurb_image=\u00a0\u00bbvertical-align: top;\u00a0\u00bb custom_css_blurb_content=\u00a0\u00bbwidth: 100%;\u00a0\u00bb border_width_all_image_tablet=\u00a0\u00bb\u00a0\u00bb border_width_all_image_phone=\u00a0\u00bb\u00a0\u00bb border_width_all_image_last_edited=\u00a0\u00bbon|phone\u00a0\u00bb image_max_width=\u00a0\u00bb315px\u00a0\u00bb image_max_width_tablet=\u00a0\u00bb220px\u00a0\u00bb image_max_width_phone=\u00a0\u00bb100%\u00a0\u00bb image_max_width_last_edited=\u00a0\u00bbon|phone\u00a0\u00bb global_colors_info=\u00a0\u00bb{}\u00a0\u00bb]<\/p>\n<p><strong>Samedi 25 juillet 2026<br \/><\/strong>Pr\u00e9sentation du Domaine, Visite de la vigne, Diaporama, <strong>D\u00e9gustation comment\u00e9e des diff\u00e9rents vins et c\u00e9pages \u00e9lev\u00e9s dans les caves du Domaine<\/strong> accompagn\u00e9e de produits du terroir!<br \/>Vous serez ensuite accueillis au Restaurant de l\u2019H\u00f4tel de Ville, \u00e0 Vullierens, pour d\u00e9guster le <strong>\u00abMenu D\u00e9couverte Gastronomique\u00bb<\/strong>, servi avec un verre de vin en accord pour chaque plat.<br \/><strong>Horaires:<\/strong><br \/>&#8211; 10h45 pr\u00e9cise \u00e0 la Cave Jean-Daniel Coeytaux, Yens<br \/>&#8211; 12h30 D\u00e9part pour le Restaurant de l\u2019H\u00f4tel de Ville, Vullierens<br \/>&#8211; 13h15 Repas au Restaurant de l\u2019H\u00f4tel de Ville, Vullierens<br \/><strong>Prix:<\/strong> CHF 95.&#8211; \/ pers. tout compris.<br \/><strong>R\u00e9servations:<br \/><\/strong>&#8211; Par t\u00e9l au Restaurant de l\u2019H\u00f4tel de Ville de Vullierens : +41 (0)21 611 61 82<br \/>&#8211; En ligne en cliquant <a href=\"https:\/\/coeytaux-vins.ch\/fr\/samedis-gourmands\/\">sur ce lien<\/a>.<br \/><strong>D\u00e9lai de r\u00e9servation:<\/strong> jusqu\u2019au mercredi 22 juillet 2026.<br \/>Pour consultation du menu et autres informations: <a href=\"https:\/\/coeytaux-vins.ch\/fr\/samedis-gourmands\/\">C&rsquo;est par ici!<\/a><\/p>\n<p>[\/et_pb_blurb][et_pb_blurb title=\u00a0\u00bb\u00abTavolata-Fondue\u00bb dans le vignoble au cr\u00e9puscule! \u00a0\u00bb image=\u00a0\u00bbhttps:\/\/coeytaux-vins.ch\/wp-content\/uploads\/2024\/11\/Fondue-dans-le-vignoble-2-photo-pour-site-Evenements.jpg\u00a0\u00bb icon_placement=\u00a0\u00bbleft\u00a0\u00bb image_icon_width=\u00a0\u00bb315px\u00a0\u00bb content_max_width=\u00a0\u00bb1060px\u00a0\u00bb icon_placement_tablet=\u00a0\u00bb\u00a0\u00bb icon_placement_phone=\u00a0\u00bbtop\u00a0\u00bb icon_placement_last_edited=\u00a0\u00bbon|phone\u00a0\u00bb image_icon_width_tablet=\u00a0\u00bb220px\u00a0\u00bb image_icon_width_phone=\u00a0\u00bb100%\u00a0\u00bb image_icon_width_last_edited=\u00a0\u00bbon|phone\u00a0\u00bb admin_label=\u00a0\u00bbSoir\u00e9e Accords Vins et Fromages\u00a0\u00bb module_class=\u00a0\u00bbextended_blurb manually_date\u00a0\u00bb _builder_version=\u00a0\u00bb4.27.4&Prime; header_text_color=\u00a0\u00bb#56735a\u00a0\u00bb header_font_size=\u00a0\u00bb22px\u00a0\u00bb background_enable_image=\u00a0\u00bboff\u00a0\u00bb image_icon_custom_padding_tablet=\u00a0\u00bb\u00a0\u00bb image_icon_custom_padding_phone=\u00a0\u00bb\u00a0\u00bb image_icon_custom_padding_last_edited=\u00a0\u00bbon|phone\u00a0\u00bb custom_margin=\u00a0\u00bb||0px||false|false\u00a0\u00bb header_font_size_tablet=\u00a0\u00bb\u00a0\u00bb header_font_size_phone=\u00a0\u00bb20px\u00a0\u00bb header_font_size_last_edited=\u00a0\u00bbon|desktop\u00a0\u00bb text_orientation_tablet=\u00a0\u00bb\u00a0\u00bb text_orientation_phone=\u00a0\u00bbleft\u00a0\u00bb text_orientation_last_edited=\u00a0\u00bbon|phone\u00a0\u00bb custom_css_blurb_image=\u00a0\u00bbvertical-align: top;\u00a0\u00bb custom_css_blurb_content=\u00a0\u00bbwidth: 100%;\u00a0\u00bb border_width_all_image_tablet=\u00a0\u00bb\u00a0\u00bb border_width_all_image_phone=\u00a0\u00bb\u00a0\u00bb border_width_all_image_last_edited=\u00a0\u00bbon|phone\u00a0\u00bb image_max_width=\u00a0\u00bb315px\u00a0\u00bb image_max_width_tablet=\u00a0\u00bb220px\u00a0\u00bb image_max_width_phone=\u00a0\u00bb100%\u00a0\u00bb image_max_width_last_edited=\u00a0\u00bbon|phone\u00a0\u00bb global_colors_info=\u00a0\u00bb{}\u00a0\u00bb]<\/p>\n<p><strong>Mercredi 5 ao\u00fbt 2026<br \/><\/strong>Accueil \u00e0 <strong>18h00 pr\u00e9cises<\/strong> au Domaine.<br \/>Pr\u00e9sentation du Domaine et <strong>d\u00e9gustation comment\u00e9e<\/strong> de nos diff\u00e9rents vins et c\u00e9pages \u00e9lev\u00e9s dans nos caves \ud83c\udf77<br \/>\ud83d\udeb6\u200d\u2640\ufe0f Petite marche d\u2019environ 15 minutes pour rejoindre le vignoble, avec une <strong>vue imprenable sur le L\u00e9man et les Alpes au cr\u00e9puscule<\/strong> ! (Les personnes \u00e0 mobilit\u00e9 r\u00e9duite sont pri\u00e9es de s\u2019annoncer.)<br \/>Une <strong>grande table dress\u00e9e<\/strong> vous attend au c\u0153ur du vignoble pour d\u00e9guster une <strong>d\u00e9licieuse fondue au fromage<\/strong> \ud83e\uded5<br \/>En cas de mauvais temps, un <strong>plan B<\/strong> est pr\u00e9vu !<br \/>\ud83d\udcde <strong>Uniquement sur r\u00e9servation<\/strong> au +41 21 800 47 38 (places limit\u00e9es)<br \/>\ud83d\udcb0 <strong>Prix : CHF 60.\u2013 \/ personne<\/strong> (Comprenant\u00a0: D\u00e9gustation accompagn\u00e9e de produits du terroir, Fondue, 1 bte pour 2 personnes, caf\u00e9).<br \/>\ud83c\udf3f Ambiance familiale, conviviale et chaleureuse garantie !<\/p>\n<p>[\/et_pb_blurb][et_pb_blurb title=\u00a0\u00bb\u00abSamedis Gourmands\u00bb \u2013 D\u00e9gustation et Repas Gastronomique!\u00a0\u00bb image=\u00a0\u00bbhttps:\/\/coeytaux-vins.ch\/wp-content\/uploads\/2025\/11\/Cave-Jean-Daniel-Coeytaux-Samedi-Gourmand-1.jpg\u00a0\u00bb icon_placement=\u00a0\u00bbleft\u00a0\u00bb image_icon_width=\u00a0\u00bb315px\u00a0\u00bb content_max_width=\u00a0\u00bb1060px\u00a0\u00bb icon_placement_tablet=\u00a0\u00bb\u00a0\u00bb icon_placement_phone=\u00a0\u00bbtop\u00a0\u00bb icon_placement_last_edited=\u00a0\u00bbon|phone\u00a0\u00bb image_icon_width_tablet=\u00a0\u00bb220px\u00a0\u00bb image_icon_width_phone=\u00a0\u00bb100%\u00a0\u00bb image_icon_width_last_edited=\u00a0\u00bbon|phone\u00a0\u00bb admin_label=\u00a0\u00bbSoir\u00e9e Accords Vins et Fromages\u00a0\u00bb module_class=\u00a0\u00bbextended_blurb manually_date\u00a0\u00bb _builder_version=\u00a0\u00bb4.27.4&Prime; header_text_color=\u00a0\u00bb#56735a\u00a0\u00bb header_font_size=\u00a0\u00bb22px\u00a0\u00bb background_enable_image=\u00a0\u00bboff\u00a0\u00bb image_icon_custom_padding_tablet=\u00a0\u00bb\u00a0\u00bb image_icon_custom_padding_phone=\u00a0\u00bb\u00a0\u00bb image_icon_custom_padding_last_edited=\u00a0\u00bbon|phone\u00a0\u00bb custom_margin=\u00a0\u00bb||0px||false|false\u00a0\u00bb header_font_size_tablet=\u00a0\u00bb\u00a0\u00bb header_font_size_phone=\u00a0\u00bb20px\u00a0\u00bb header_font_size_last_edited=\u00a0\u00bbon|desktop\u00a0\u00bb text_orientation_tablet=\u00a0\u00bb\u00a0\u00bb text_orientation_phone=\u00a0\u00bbleft\u00a0\u00bb text_orientation_last_edited=\u00a0\u00bbon|phone\u00a0\u00bb custom_css_blurb_image=\u00a0\u00bbvertical-align: top;\u00a0\u00bb custom_css_blurb_content=\u00a0\u00bbwidth: 100%;\u00a0\u00bb border_width_all_image_tablet=\u00a0\u00bb\u00a0\u00bb border_width_all_image_phone=\u00a0\u00bb\u00a0\u00bb border_width_all_image_last_edited=\u00a0\u00bbon|phone\u00a0\u00bb image_max_width=\u00a0\u00bb315px\u00a0\u00bb image_max_width_tablet=\u00a0\u00bb220px\u00a0\u00bb image_max_width_phone=\u00a0\u00bb100%\u00a0\u00bb image_max_width_last_edited=\u00a0\u00bbon|phone\u00a0\u00bb global_colors_info=\u00a0\u00bb{}\u00a0\u00bb]<\/p>\n<p><strong>Samedi 22 ao\u00fbt 2026<br \/><\/strong>Pr\u00e9sentation du Domaine, Visite de la vigne, Diaporama, <strong>D\u00e9gustation comment\u00e9e des diff\u00e9rents vins et c\u00e9pages \u00e9lev\u00e9s dans les caves du Domaine<\/strong> accompagn\u00e9e de produits du terroir!<br \/>Vous serez ensuite accueillis au Restaurant de l\u2019H\u00f4tel de Ville, \u00e0 Vullierens, pour d\u00e9guster le <strong>\u00abMenu D\u00e9couverte Gastronomique\u00bb<\/strong>, servi avec un verre de vin en accord pour chaque plat.<br \/><strong>Horaires:<\/strong><br \/>&#8211; 10h45 pr\u00e9cise \u00e0 la Cave Jean-Daniel Coeytaux, Yens<br \/>&#8211; 12h30 D\u00e9part pour le Restaurant de l\u2019H\u00f4tel de Ville, Vullierens<br \/>&#8211; 13h15 Repas au Restaurant de l\u2019H\u00f4tel de Ville, Vullierens<br \/><strong>Prix:<\/strong> CHF 95.&#8211; \/ pers. tout compris.<br \/><strong>R\u00e9servations:<br \/><\/strong>&#8211; Par t\u00e9l au Restaurant de l\u2019H\u00f4tel de Ville de Vullierens : +41 (0)21 611 61 82<br \/>&#8211; En ligne en cliquant <a href=\"https:\/\/coeytaux-vins.ch\/fr\/samedis-gourmands\/\">sur ce lien<\/a>.<br \/><strong>D\u00e9lai de r\u00e9servation:<\/strong> jusqu\u2019au mercredi 19 ao\u00fbt 2026.<br \/>Pour consultation du menu et autres informations: <a href=\"https:\/\/coeytaux-vins.ch\/fr\/samedis-gourmands\/\">C&rsquo;est par ici!<\/a><\/p>\n<p>[\/et_pb_blurb][et_pb_blurb title=\u00a0\u00bbMarch\u00e9 artisanal de la B\u00e9nichon, \u00e0 Ecuvillens \u00a0\u00bb image=\u00a0\u00bbhttps:\/\/coeytaux-vins.ch\/wp-content\/uploads\/2024\/11\/Cave-Jean-Daniel-Coeytaux-Benichon.jpg\u00a0\u00bb icon_placement=\u00a0\u00bbleft\u00a0\u00bb image_icon_width=\u00a0\u00bb315px\u00a0\u00bb content_max_width=\u00a0\u00bb1060px\u00a0\u00bb icon_placement_tablet=\u00a0\u00bb\u00a0\u00bb icon_placement_phone=\u00a0\u00bbtop\u00a0\u00bb icon_placement_last_edited=\u00a0\u00bbon|phone\u00a0\u00bb image_icon_width_tablet=\u00a0\u00bb220px\u00a0\u00bb image_icon_width_phone=\u00a0\u00bb100%\u00a0\u00bb image_icon_width_last_edited=\u00a0\u00bbon|phone\u00a0\u00bb admin_label=\u00a0\u00bbSoir\u00e9e Accords Vins et Fromages\u00a0\u00bb module_class=\u00a0\u00bbextended_blurb manually_date\u00a0\u00bb _builder_version=\u00a0\u00bb4.27.4&Prime; header_text_color=\u00a0\u00bb#56735a\u00a0\u00bb header_font_size=\u00a0\u00bb22px\u00a0\u00bb background_enable_image=\u00a0\u00bboff\u00a0\u00bb image_icon_custom_padding_tablet=\u00a0\u00bb\u00a0\u00bb image_icon_custom_padding_phone=\u00a0\u00bb\u00a0\u00bb image_icon_custom_padding_last_edited=\u00a0\u00bbon|phone\u00a0\u00bb custom_margin=\u00a0\u00bb||0px||false|false\u00a0\u00bb header_font_size_tablet=\u00a0\u00bb\u00a0\u00bb header_font_size_phone=\u00a0\u00bb20px\u00a0\u00bb header_font_size_last_edited=\u00a0\u00bbon|desktop\u00a0\u00bb text_orientation_tablet=\u00a0\u00bb\u00a0\u00bb text_orientation_phone=\u00a0\u00bbleft\u00a0\u00bb text_orientation_last_edited=\u00a0\u00bbon|phone\u00a0\u00bb custom_css_blurb_image=\u00a0\u00bbvertical-align: top;\u00a0\u00bb custom_css_blurb_content=\u00a0\u00bbwidth: 100%;\u00a0\u00bb border_width_all_image_tablet=\u00a0\u00bb\u00a0\u00bb border_width_all_image_phone=\u00a0\u00bb\u00a0\u00bb border_width_all_image_last_edited=\u00a0\u00bbon|phone\u00a0\u00bb image_max_width=\u00a0\u00bb315px\u00a0\u00bb image_max_width_tablet=\u00a0\u00bb220px\u00a0\u00bb image_max_width_phone=\u00a0\u00bb100%\u00a0\u00bb image_max_width_last_edited=\u00a0\u00bbon|phone\u00a0\u00bb global_colors_info=\u00a0\u00bb{}\u00a0\u00bb]<\/p>\n<p><strong>Samedi 12 septembre 2026<br \/><\/strong>Nous serons sur place pour vous faire d\u00e9guster nos diff\u00e9rents vins et c\u00e9pages!<br \/>\ud83c\udfb6 Ambiance sympathique et folklorique \u00e0 d\u00e9guster sans mod\u00e9ration!<br \/>Toutes les informations sur\u00a0: <a href=\"http:\/\/www.labenichon.ch\/\">http:\/\/www.labenichon.ch\/<\/a><\/p>\n<p>[\/et_pb_blurb][et_pb_blurb title=\u00a0\u00bbGigusto \u2013 Salon des vins suisses et artisans des plaisirs de la table\u00a0\u00bb image=\u00a0\u00bbhttps:\/\/coeytaux-vins.ch\/wp-content\/uploads\/2024\/11\/Cave-Jean-Daniel-Coeytaux-Gigusto-1.jpg\u00a0\u00bb icon_placement=\u00a0\u00bbleft\u00a0\u00bb image_icon_width=\u00a0\u00bb315px\u00a0\u00bb content_max_width=\u00a0\u00bb1060px\u00a0\u00bb icon_placement_tablet=\u00a0\u00bb\u00a0\u00bb icon_placement_phone=\u00a0\u00bbtop\u00a0\u00bb icon_placement_last_edited=\u00a0\u00bbon|phone\u00a0\u00bb image_icon_width_tablet=\u00a0\u00bb220px\u00a0\u00bb image_icon_width_phone=\u00a0\u00bb100%\u00a0\u00bb image_icon_width_last_edited=\u00a0\u00bbon|phone\u00a0\u00bb admin_label=\u00a0\u00bbSoir\u00e9e Accords Vins et Fromages\u00a0\u00bb module_class=\u00a0\u00bbextended_blurb manually_date\u00a0\u00bb _builder_version=\u00a0\u00bb4.27.4&Prime; header_text_color=\u00a0\u00bb#56735a\u00a0\u00bb header_font_size=\u00a0\u00bb22px\u00a0\u00bb background_enable_image=\u00a0\u00bboff\u00a0\u00bb image_icon_custom_padding_tablet=\u00a0\u00bb\u00a0\u00bb image_icon_custom_padding_phone=\u00a0\u00bb\u00a0\u00bb image_icon_custom_padding_last_edited=\u00a0\u00bbon|phone\u00a0\u00bb custom_margin=\u00a0\u00bb||0px||false|false\u00a0\u00bb header_font_size_tablet=\u00a0\u00bb\u00a0\u00bb header_font_size_phone=\u00a0\u00bb20px\u00a0\u00bb header_font_size_last_edited=\u00a0\u00bbon|desktop\u00a0\u00bb text_orientation_tablet=\u00a0\u00bb\u00a0\u00bb text_orientation_phone=\u00a0\u00bbleft\u00a0\u00bb text_orientation_last_edited=\u00a0\u00bbon|phone\u00a0\u00bb custom_css_blurb_image=\u00a0\u00bbvertical-align: top;\u00a0\u00bb custom_css_blurb_content=\u00a0\u00bbwidth: 100%;\u00a0\u00bb border_width_all_image_tablet=\u00a0\u00bb\u00a0\u00bb border_width_all_image_phone=\u00a0\u00bb\u00a0\u00bb border_width_all_image_last_edited=\u00a0\u00bbon|phone\u00a0\u00bb image_max_width=\u00a0\u00bb315px\u00a0\u00bb image_max_width_tablet=\u00a0\u00bb220px\u00a0\u00bb image_max_width_phone=\u00a0\u00bb100%\u00a0\u00bb image_max_width_last_edited=\u00a0\u00bbon|phone\u00a0\u00bb global_colors_info=\u00a0\u00bb{}\u00a0\u00bb]<\/p>\n<p><strong>Samedi 24 et dimanche 25 octobre 2026<br \/><\/strong>Nous avons le plaisir de vous annoncer notre pr\u00e9sence au <strong>Salon des vins suisses et artisans des plaisirs de la table Gigusto<\/strong> !<br \/>L\u2019\u00e9v\u00e9nement se d\u00e9roulera le <strong>samedi 24 et le dimanche 25 octobre 2026<\/strong> \u00e0 la <strong>Cantine des F\u00eates de Gimel<\/strong>.<br \/>\ud83d\udc49 Retrouvez toutes les informations pratiques sur le site officiel :<a href=\"https:\/\/www.gigusto.ch\/\"> www.gigusto.ch<\/a><br \/>\ud83c\udf9f\ufe0f Profitez de <strong>billets \u00e0 prix pr\u00e9f\u00e9rentiel<\/strong> gr\u00e2ce au lien suivant (\u00e0 imprimer et \u00e0 pr\u00e9senter directement \u00e0 l\u2019entr\u00e9e du salon) : <strong>Patience\u2026 Les entr\u00e9es \u00e0 prix pr\u00e9f\u00e9rentiel sont en cours de r\u00e9alisation<\/strong><\/p>\n<p>[\/et_pb_blurb][et_pb_blurb title=\u00a0\u00bbSoir\u00e9e Accords Vins et Fromages \u00a0\u00bb image=\u00a0\u00bbhttps:\/\/coeytaux-vins.ch\/wp-content\/uploads\/2025\/11\/Cave-Jean-Daniel-Coeytaux-Accords-Vins-et-Fromages-Dufaux-Jonas-Lin.jpg\u00a0\u00bb icon_placement=\u00a0\u00bbleft\u00a0\u00bb image_icon_width=\u00a0\u00bb315px\u00a0\u00bb content_max_width=\u00a0\u00bb1060px\u00a0\u00bb icon_placement_tablet=\u00a0\u00bb\u00a0\u00bb icon_placement_phone=\u00a0\u00bbtop\u00a0\u00bb icon_placement_last_edited=\u00a0\u00bbon|phone\u00a0\u00bb image_icon_width_tablet=\u00a0\u00bb220px\u00a0\u00bb image_icon_width_phone=\u00a0\u00bb100%\u00a0\u00bb image_icon_width_last_edited=\u00a0\u00bbon|phone\u00a0\u00bb admin_label=\u00a0\u00bbSoir\u00e9e Accords Vins et Fromages\u00a0\u00bb module_class=\u00a0\u00bbextended_blurb manually_date\u00a0\u00bb _builder_version=\u00a0\u00bb4.27.4&Prime; header_text_color=\u00a0\u00bb#56735a\u00a0\u00bb header_font_size=\u00a0\u00bb22px\u00a0\u00bb background_enable_image=\u00a0\u00bboff\u00a0\u00bb image_icon_custom_padding_tablet=\u00a0\u00bb\u00a0\u00bb image_icon_custom_padding_phone=\u00a0\u00bb\u00a0\u00bb image_icon_custom_padding_last_edited=\u00a0\u00bbon|phone\u00a0\u00bb custom_margin=\u00a0\u00bb||0px||false|false\u00a0\u00bb header_font_size_tablet=\u00a0\u00bb\u00a0\u00bb header_font_size_phone=\u00a0\u00bb20px\u00a0\u00bb header_font_size_last_edited=\u00a0\u00bbon|desktop\u00a0\u00bb text_orientation_tablet=\u00a0\u00bb\u00a0\u00bb text_orientation_phone=\u00a0\u00bbleft\u00a0\u00bb text_orientation_last_edited=\u00a0\u00bbon|phone\u00a0\u00bb custom_css_blurb_image=\u00a0\u00bbvertical-align: top;\u00a0\u00bb custom_css_blurb_content=\u00a0\u00bbwidth: 100%;\u00a0\u00bb border_width_all_image_tablet=\u00a0\u00bb\u00a0\u00bb border_width_all_image_phone=\u00a0\u00bb\u00a0\u00bb border_width_all_image_last_edited=\u00a0\u00bbon|phone\u00a0\u00bb image_max_width=\u00a0\u00bb315px\u00a0\u00bb image_max_width_tablet=\u00a0\u00bb220px\u00a0\u00bb image_max_width_phone=\u00a0\u00bb100%\u00a0\u00bb image_max_width_last_edited=\u00a0\u00bbon|phone\u00a0\u00bb global_colors_info=\u00a0\u00bb{}\u00a0\u00bb]<\/p>\n<p><strong>Jeudi 5 novembre 2026<br \/><\/strong>Une soir\u00e9e <strong>\u00ab Accords Vins et Fromages \u00bb<\/strong> exceptionnelle en collaboration avec la <strong>Fromagerie Dufaux<\/strong>, de Morges \ud83c\udf77<br \/>Vins et fromages soigneusement s\u00e9lectionn\u00e9s pour une d\u00e9gustation en parfaite harmonie.<br \/>\ud83d\udccd <strong>Rendez-vous \u00e0 19h pr\u00e9cises au Domaine<\/strong><br \/>\ud83d\udcde <strong>Uniquement sur r\u00e9servation<\/strong> au +41 21 800 47 38 <em>(places limit\u00e9es)<\/em><br \/>\ud83d\udcb0 <strong>CHF 60.\u2013 \/ personne<br \/><\/strong>Une belle soir\u00e9e gourmande et conviviale en perspective ! \ud83c\udf3f<\/p>\n<p>[\/et_pb_blurb][et_pb_blurb title=\u00a0\u00bbAp\u00e9ritif de fin d\u2019ann\u00e9e \u2013 D\u00e9gustation\u00a0\u00bb image=\u00a0\u00bbhttps:\/\/coeytaux-vins.ch\/wp-content\/uploads\/2024\/11\/Aperitif-fin-dannee-photo-pour-site-Evenements.jpg\u00a0\u00bb icon_placement=\u00a0\u00bbleft\u00a0\u00bb image_icon_width=\u00a0\u00bb315px\u00a0\u00bb content_max_width=\u00a0\u00bb1060px\u00a0\u00bb icon_placement_tablet=\u00a0\u00bb\u00a0\u00bb icon_placement_phone=\u00a0\u00bbtop\u00a0\u00bb icon_placement_last_edited=\u00a0\u00bbon|phone\u00a0\u00bb image_icon_width_tablet=\u00a0\u00bb220px\u00a0\u00bb image_icon_width_phone=\u00a0\u00bb100%\u00a0\u00bb image_icon_width_last_edited=\u00a0\u00bbon|phone\u00a0\u00bb admin_label=\u00a0\u00bbSoir\u00e9e Accords Vins et Fromages\u00a0\u00bb module_class=\u00a0\u00bbextended_blurb manually_date\u00a0\u00bb _builder_version=\u00a0\u00bb4.27.4&Prime; header_text_color=\u00a0\u00bb#56735a\u00a0\u00bb header_font_size=\u00a0\u00bb22px\u00a0\u00bb background_enable_image=\u00a0\u00bboff\u00a0\u00bb image_icon_custom_padding_tablet=\u00a0\u00bb\u00a0\u00bb image_icon_custom_padding_phone=\u00a0\u00bb\u00a0\u00bb image_icon_custom_padding_last_edited=\u00a0\u00bbon|phone\u00a0\u00bb custom_margin=\u00a0\u00bb||0px||false|false\u00a0\u00bb header_font_size_tablet=\u00a0\u00bb\u00a0\u00bb header_font_size_phone=\u00a0\u00bb20px\u00a0\u00bb header_font_size_last_edited=\u00a0\u00bbon|desktop\u00a0\u00bb text_orientation_tablet=\u00a0\u00bb\u00a0\u00bb text_orientation_phone=\u00a0\u00bbleft\u00a0\u00bb text_orientation_last_edited=\u00a0\u00bbon|phone\u00a0\u00bb custom_css_blurb_image=\u00a0\u00bbvertical-align: top;\u00a0\u00bb custom_css_blurb_content=\u00a0\u00bbwidth: 100%;\u00a0\u00bb border_width_all_image_tablet=\u00a0\u00bb\u00a0\u00bb border_width_all_image_phone=\u00a0\u00bb\u00a0\u00bb border_width_all_image_last_edited=\u00a0\u00bbon|phone\u00a0\u00bb image_max_width=\u00a0\u00bb315px\u00a0\u00bb image_max_width_tablet=\u00a0\u00bb220px\u00a0\u00bb image_max_width_phone=\u00a0\u00bb100%\u00a0\u00bb image_max_width_last_edited=\u00a0\u00bbon|phone\u00a0\u00bb global_colors_info=\u00a0\u00bb{}\u00a0\u00bb]<\/p>\n<p><strong>Jeudi 10, vendredi 11 et samedi 12 d\u00e9cembre 2026<br \/><\/strong>Vous \u00eates cordialement invit\u00e9s \u00e0 venir <strong>d\u00e9guster nos diff\u00e9rents vins et c\u00e9pages<\/strong> et \u00e0 partager un <strong>sympathique moment en toute convivialit\u00e9<\/strong> \ud83c\udf77<br \/>Des <strong>artisans de la r\u00e9gion<\/strong> seront pr\u00e9sents pour charmer vos papilles et vous inspirer de jolies id\u00e9es cadeaux de fin d\u2019ann\u00e9e.<br \/>&#8211; Jeudi 10 d\u00e9cembre 2026 : 17h \u00e0 21h<br \/>&#8211; Vendredi 11 d\u00e9cembre 2026 : 17h \u00e0 21h<br \/>&#8211; Samedi 12 d\u00e9cembre 2026 : 10h \u00e0 14h<br \/>\ud83e\uddaa <strong>Pour les plus gourmands<\/strong> : un <strong>Caveau \u00ab Bar \u00e0 Hu\u00eetres et Tartare \u00bb<\/strong> sera am\u00e9nag\u00e9 !<br \/>Vous pourrez d\u00e9guster des <strong>hu\u00eetres fra\u00eeches<\/strong> ou un <strong>tartare de b\u0153uf savoureux<\/strong>, accompagn\u00e9s d\u2019un <strong>bon verre de vin de votre choix<\/strong>. Le mariage parfait pour conclure l\u2019ann\u00e9e en beaut\u00e9 \u2728<br \/>Nous vous attendons avec grand plaisir et nous nous r\u00e9jouissons d\u2019ores et d\u00e9j\u00e0 de vous accueillir ! \ud83c\udf3f<\/p>\n<p>[\/et_pb_blurb][et_pb_blurb title=\u00a0\u00bbCaveau \u00ab Bar \u00e0 Hu\u00eetres &#038; Tartare \u00bb \u00a0\u00bb image=\u00a0\u00bbhttps:\/\/coeytaux-vins.ch\/wp-content\/uploads\/2025\/11\/Cave-Jean-Daniel-Coeytaux-Bar-a-huitres-Tartare-.jpg\u00a0\u00bb icon_placement=\u00a0\u00bbleft\u00a0\u00bb image_icon_width=\u00a0\u00bb315px\u00a0\u00bb content_max_width=\u00a0\u00bb1060px\u00a0\u00bb icon_placement_tablet=\u00a0\u00bb\u00a0\u00bb icon_placement_phone=\u00a0\u00bbtop\u00a0\u00bb icon_placement_last_edited=\u00a0\u00bbon|phone\u00a0\u00bb image_icon_width_tablet=\u00a0\u00bb220px\u00a0\u00bb image_icon_width_phone=\u00a0\u00bb100%\u00a0\u00bb image_icon_width_last_edited=\u00a0\u00bbon|phone\u00a0\u00bb admin_label=\u00a0\u00bbSoir\u00e9e Accords Vins et Fromages\u00a0\u00bb module_class=\u00a0\u00bbextended_blurb manually_date\u00a0\u00bb _builder_version=\u00a0\u00bb4.27.4&Prime; header_text_color=\u00a0\u00bb#56735a\u00a0\u00bb header_font_size=\u00a0\u00bb22px\u00a0\u00bb background_enable_image=\u00a0\u00bboff\u00a0\u00bb image_icon_custom_padding_tablet=\u00a0\u00bb\u00a0\u00bb image_icon_custom_padding_phone=\u00a0\u00bb\u00a0\u00bb image_icon_custom_padding_last_edited=\u00a0\u00bbon|phone\u00a0\u00bb custom_margin=\u00a0\u00bb||0px||false|false\u00a0\u00bb header_font_size_tablet=\u00a0\u00bb\u00a0\u00bb header_font_size_phone=\u00a0\u00bb20px\u00a0\u00bb header_font_size_last_edited=\u00a0\u00bbon|desktop\u00a0\u00bb text_orientation_tablet=\u00a0\u00bb\u00a0\u00bb text_orientation_phone=\u00a0\u00bbleft\u00a0\u00bb text_orientation_last_edited=\u00a0\u00bbon|phone\u00a0\u00bb custom_css_blurb_image=\u00a0\u00bbvertical-align: top;\u00a0\u00bb custom_css_blurb_content=\u00a0\u00bbwidth: 100%;\u00a0\u00bb border_width_all_image_tablet=\u00a0\u00bb\u00a0\u00bb border_width_all_image_phone=\u00a0\u00bb\u00a0\u00bb border_width_all_image_last_edited=\u00a0\u00bbon|phone\u00a0\u00bb image_max_width=\u00a0\u00bb315px\u00a0\u00bb image_max_width_tablet=\u00a0\u00bb220px\u00a0\u00bb image_max_width_phone=\u00a0\u00bb100%\u00a0\u00bb image_max_width_last_edited=\u00a0\u00bbon|phone\u00a0\u00bb global_colors_info=\u00a0\u00bb{}\u00a0\u00bb]<\/p>\n<p><strong>Jeudi 10, vendredi 11 et samedi 12 d\u00e9cembre 2026<br \/><\/strong>\u00c0 l\u2019occasion de notre traditionnel Ap\u00e9ritif-D\u00e9gustation de fin d\u2019ann\u00e9e, nous avons le plaisir de vous proposer un <strong>Caveau \u00ab Bar \u00e0 Hu\u00eetres &amp; Tartare \u00bb<\/strong> !<br \/>Vous pourrez d\u00e9guster des <strong>hu\u00eetres fra\u00eeches<\/strong> ou un <strong>tartare de b\u0153uf savoureux<\/strong>, accompagn\u00e9s d\u2019un bon verre de vin de votre choix, dans notre authentique caveau vo\u00fbt\u00e9 (et chauff\u00e9 !) \ud83c\udf77<br \/>Vous pourrez \u00e9galement d\u00e9guster nos vins au Caveau de r\u00e9ception.<br \/>Des <strong>artisans de la r\u00e9gion<\/strong> seront pr\u00e9sents pour charmer vos papilles et vous inspirer de belles id\u00e9es pour vos petits cadeaux de fin d\u2019ann\u00e9e.<br \/>&#8211; Jeudi 10 d\u00e9cembre 2026, de 17h. \u00e0 21h.<br \/>&#8211; Vendredi 11 d\u00e9cembre 2026, de 17h. \u00e0 21h.<br \/>&#8211; Samedi 12 d\u00e9cembre 2026, de 10h. \u00e0 14h.<br \/>Vous serez les bienvenus\u2026 et nous nous r\u00e9jouissons d\u00e9j\u00e0 de vous accueillir ! \ud83c\udf3f<\/p>\n<p>[\/et_pb_blurb][et_pb_blurb title=\u00a0\u00bbJourn\u00e9e Mondiale du Chasselas \u00a0\u00bb image=\u00a0\u00bbhttps:\/\/coeytaux-vins.ch\/wp-content\/uploads\/2024\/11\/Journee-Mondiale-du-Chasselas.jpg\u00a0\u00bb icon_placement=\u00a0\u00bbleft\u00a0\u00bb image_icon_width=\u00a0\u00bb315px\u00a0\u00bb content_max_width=\u00a0\u00bb1060px\u00a0\u00bb icon_placement_tablet=\u00a0\u00bb\u00a0\u00bb icon_placement_phone=\u00a0\u00bbtop\u00a0\u00bb icon_placement_last_edited=\u00a0\u00bbon|phone\u00a0\u00bb image_icon_width_tablet=\u00a0\u00bb220px\u00a0\u00bb image_icon_width_phone=\u00a0\u00bb100%\u00a0\u00bb image_icon_width_last_edited=\u00a0\u00bbon|phone\u00a0\u00bb admin_label=\u00a0\u00bbSoir\u00e9e Accords Vins et Fromages\u00a0\u00bb module_class=\u00a0\u00bbextended_blurb manually_date\u00a0\u00bb _builder_version=\u00a0\u00bb4.27.4&Prime; header_text_color=\u00a0\u00bb#56735a\u00a0\u00bb header_font_size=\u00a0\u00bb22px\u00a0\u00bb background_enable_image=\u00a0\u00bboff\u00a0\u00bb image_icon_custom_padding_tablet=\u00a0\u00bb\u00a0\u00bb image_icon_custom_padding_phone=\u00a0\u00bb\u00a0\u00bb image_icon_custom_padding_last_edited=\u00a0\u00bbon|phone\u00a0\u00bb custom_margin=\u00a0\u00bb||0px||false|false\u00a0\u00bb header_font_size_tablet=\u00a0\u00bb\u00a0\u00bb header_font_size_phone=\u00a0\u00bb20px\u00a0\u00bb header_font_size_last_edited=\u00a0\u00bbon|desktop\u00a0\u00bb text_orientation_tablet=\u00a0\u00bb\u00a0\u00bb text_orientation_phone=\u00a0\u00bbleft\u00a0\u00bb text_orientation_last_edited=\u00a0\u00bbon|phone\u00a0\u00bb custom_css_blurb_image=\u00a0\u00bbvertical-align: top;\u00a0\u00bb custom_css_blurb_content=\u00a0\u00bbwidth: 100%;\u00a0\u00bb border_width_all_image_tablet=\u00a0\u00bb\u00a0\u00bb border_width_all_image_phone=\u00a0\u00bb\u00a0\u00bb border_width_all_image_last_edited=\u00a0\u00bbon|phone\u00a0\u00bb image_max_width=\u00a0\u00bb315px\u00a0\u00bb image_max_width_tablet=\u00a0\u00bb220px\u00a0\u00bb image_max_width_phone=\u00a0\u00bb100%\u00a0\u00bb image_max_width_last_edited=\u00a0\u00bbon|phone\u00a0\u00bb global_colors_info=\u00a0\u00bb{}\u00a0\u00bb]<\/p>\n<p><strong>Samedi 12 d\u00e9cembre 2026<br \/><\/strong>Le samedi 12 d\u00e9cembre 2026 aura lieu la <strong>4<\/strong><strong>\u1d49<\/strong><strong> Journ\u00e9e Mondiale du Chasselas<\/strong>, un \u00e9v\u00e9nement appel\u00e9 \u00e0 se r\u00e9p\u00e9ter chaque ann\u00e9e \u00e0 cette date !<br \/>C\u2019est avec grand plaisir que nous vous accueillons au Domaine, de <strong>17h \u00e0 21h<\/strong>, pour partager et d\u00e9guster nos <strong>Chasselas Grand Cru<\/strong> et <strong>Chasselas sur Lie<\/strong> \ud83c\udf77<br \/>Bien entendu, nos autres vins et c\u00e9pages seront \u00e9galement en d\u00e9gustation, accompagn\u00e9s de <strong>produits du terroir<\/strong> \ud83e\uddc0<br \/>Nous nous r\u00e9jouissons de c\u00e9l\u00e9brer ce c\u00e9page embl\u00e9matique avec vous !<\/p>\n<p>[\/et_pb_blurb][et_pb_blurb title=\u00a0\u00bbLivraisons gratuites \u00abTour de Suisse\u00bb avant les F\u00eates \u00a0\u00bb image=\u00a0\u00bbhttps:\/\/coeytaux-vins.ch\/wp-content\/uploads\/2024\/11\/Livraison-fin-dannee-photo-pour-site-Evenements.png\u00a0\u00bb icon_placement=\u00a0\u00bbleft\u00a0\u00bb image_icon_width=\u00a0\u00bb315px\u00a0\u00bb content_max_width=\u00a0\u00bb1060px\u00a0\u00bb icon_placement_tablet=\u00a0\u00bb\u00a0\u00bb icon_placement_phone=\u00a0\u00bbtop\u00a0\u00bb icon_placement_last_edited=\u00a0\u00bbon|phone\u00a0\u00bb image_icon_width_tablet=\u00a0\u00bb220px\u00a0\u00bb image_icon_width_phone=\u00a0\u00bb100%\u00a0\u00bb image_icon_width_last_edited=\u00a0\u00bbon|phone\u00a0\u00bb admin_label=\u00a0\u00bbSoir\u00e9e Accords Vins et Fromages\u00a0\u00bb module_class=\u00a0\u00bbextended_blurb manually_date\u00a0\u00bb _builder_version=\u00a0\u00bb4.27.4&Prime; header_text_color=\u00a0\u00bb#56735a\u00a0\u00bb header_font_size=\u00a0\u00bb22px\u00a0\u00bb background_enable_image=\u00a0\u00bboff\u00a0\u00bb image_icon_custom_padding_tablet=\u00a0\u00bb\u00a0\u00bb image_icon_custom_padding_phone=\u00a0\u00bb\u00a0\u00bb image_icon_custom_padding_last_edited=\u00a0\u00bbon|phone\u00a0\u00bb custom_margin=\u00a0\u00bb||0px||false|false\u00a0\u00bb header_font_size_tablet=\u00a0\u00bb\u00a0\u00bb header_font_size_phone=\u00a0\u00bb20px\u00a0\u00bb header_font_size_last_edited=\u00a0\u00bbon|desktop\u00a0\u00bb text_orientation_tablet=\u00a0\u00bb\u00a0\u00bb text_orientation_phone=\u00a0\u00bbleft\u00a0\u00bb text_orientation_last_edited=\u00a0\u00bbon|phone\u00a0\u00bb custom_css_blurb_image=\u00a0\u00bbvertical-align: top;\u00a0\u00bb custom_css_blurb_content=\u00a0\u00bbwidth: 100%;\u00a0\u00bb border_width_all_image_tablet=\u00a0\u00bb\u00a0\u00bb border_width_all_image_phone=\u00a0\u00bb\u00a0\u00bb border_width_all_image_last_edited=\u00a0\u00bbon|phone\u00a0\u00bb image_max_width=\u00a0\u00bb315px\u00a0\u00bb image_max_width_tablet=\u00a0\u00bb220px\u00a0\u00bb image_max_width_phone=\u00a0\u00bb100%\u00a0\u00bb image_max_width_last_edited=\u00a0\u00bbon|phone\u00a0\u00bb global_colors_info=\u00a0\u00bb{}\u00a0\u00bb]<\/p>\n<p><strong>Jeudi 17 et vendredi 18 d\u00e9cembre 2026<br \/><\/strong>Profitez d\u2019une <strong>livraison gratuite \u00e0 domicile avant les F\u00eates<\/strong>\ud83c\udf84 (d\u00e8s 2 cartons)\ud83c\udf77<br \/>\ud83d\udce6 <strong>Pour toutes commandes :<\/strong> <a href=\"https:\/\/coeytaux-vins.ch\/fr\/nos-vins\/\">cliquez sur ce lien<\/a><br \/>\ud83d\udcde Pour tout renseignement, appelez-nous au <strong>+41 21 800 47 38<\/strong><\/p>\n<p>[\/et_pb_blurb][\/et_pb_column][\/et_pb_row][\/et_pb_section]<\/p>\n","protected":false},"excerpt":{"rendered":"<p>Jeudi 30 avril au dimanche 3 mai 2026Portes Ouvertes et d\u00e9gustation des nouveaux mill\u00e9simes 2025!Horaires\u00a0:- Jeudi 30 avril 2026\u00a0: de 17h \u00e0 21h- Vendredi 1er mai 2026\u00a0: de 17h \u00e0 21h- Samedi 2 mai 2026\u00a0: de 10h \u00e0 14h- Dimanche 3 mai 2026\u00a0: de 10h \u00e0 14hAmbiance conviviale et d\u00e9contract\u00e9e. Nous vous attendons nombreux! \ud83c\udf47Avril [&hellip;]<\/p>\n","protected":false},"author":4,"featured_media":4138,"parent":0,"menu_order":12,"comment_status":"closed","ping_status":"closed","template":"","meta":{"_et_pb_use_builder":"on","_et_pb_old_content":"","_et_gb_content_width":"","inline_featured_image":false,"footnotes":""},"class_list":["post-1918","page","type-page","status-publish","has-post-thumbnail","hentry"],"yoast_head":"<!-- This site is optimized with the Yoast SEO plugin v26.4 - https:\/\/yoast.com\/wordpress\/plugins\/seo\/ -->\n<title>Coeytaux Jean-Daniel - Vigneron - Encaveur - \u00e9v\u00e9nements<\/title>\n<meta name=\"robots\" content=\"index, follow, max-snippet:-1, max-image-preview:large, max-video-preview:-1\" \/>\n<link rel=\"canonical\" href=\"https:\/\/coeytaux-vins.ch\/fr\/agenda\/\" \/>\n<meta property=\"og:locale\" content=\"fr_FR\" \/>\n<meta property=\"og:type\" content=\"article\" \/>\n<meta property=\"og:title\" content=\"Coeytaux Jean-Daniel - Vigneron - Encaveur - \u00e9v\u00e9nements\" \/>\n<meta property=\"og:description\" content=\"Jeudi 30 avril au dimanche 3 mai 2026Portes Ouvertes et d\u00e9gustation des nouveaux mill\u00e9simes 2025!Horaires\u00a0:- Jeudi 30 avril 2026\u00a0: de 17h \u00e0 21h- Vendredi 1er mai 2026\u00a0: de 17h \u00e0 21h- Samedi 2 mai 2026\u00a0: de 10h \u00e0 14h- Dimanche 3 mai 2026\u00a0: de 10h \u00e0 14hAmbiance conviviale et d\u00e9contract\u00e9e. Nous vous attendons nombreux! \ud83c\udf47Avril [&hellip;]\" \/>\n<meta property=\"og:url\" content=\"https:\/\/coeytaux-vins.ch\/fr\/agenda\/\" \/>\n<meta property=\"og:site_name\" content=\"Coeytaux Jean-Daniel\" \/>\n<meta property=\"article:publisher\" content=\"https:\/\/www.facebook.com\/cavejeandaniel.coeytaux\" \/>\n<meta property=\"article:modified_time\" content=\"2026-04-26T08:33:47+00:00\" \/>\n<meta property=\"og:image\" content=\"https:\/\/coeytaux-vins.ch\/wp-content\/uploads\/2020\/08\/Barrique-page-Agenda.jpg\" \/>\n\t<meta property=\"og:image:width\" content=\"800\" \/>\n\t<meta property=\"og:image:height\" content=\"540\" \/>\n\t<meta property=\"og:image:type\" content=\"image\/jpeg\" \/>\n<meta name=\"twitter:card\" content=\"summary_large_image\" \/>\n<meta name=\"twitter:site\" content=\"@CaveJDC\" \/>\n<meta name=\"twitter:label1\" content=\"Dur\u00e9e de lecture estim\u00e9e\" \/>\n\t<meta name=\"twitter:data1\" content=\"32 minutes\" \/>\n<script type=\"application\/ld+json\" class=\"yoast-schema-graph\">{\"@context\":\"https:\/\/schema.org\",\"@graph\":[{\"@type\":\"WebPage\",\"@id\":\"https:\/\/coeytaux-vins.ch\/fr\/agenda\/\",\"url\":\"https:\/\/coeytaux-vins.ch\/fr\/agenda\/\",\"name\":\"Coeytaux Jean-Daniel - Vigneron - Encaveur - \u00e9v\u00e9nements\",\"isPartOf\":{\"@id\":\"https:\/\/coeytaux-vins.ch\/fr\/#website\"},\"primaryImageOfPage\":{\"@id\":\"https:\/\/coeytaux-vins.ch\/fr\/agenda\/#primaryimage\"},\"image\":{\"@id\":\"https:\/\/coeytaux-vins.ch\/fr\/agenda\/#primaryimage\"},\"thumbnailUrl\":\"https:\/\/coeytaux-vins.ch\/wp-content\/uploads\/2020\/08\/Barrique-page-Agenda.jpg\",\"datePublished\":\"2020-03-27T15:31:37+00:00\",\"dateModified\":\"2026-04-26T08:33:47+00:00\",\"breadcrumb\":{\"@id\":\"https:\/\/coeytaux-vins.ch\/fr\/agenda\/#breadcrumb\"},\"inLanguage\":\"fr-FR\",\"potentialAction\":[{\"@type\":\"ReadAction\",\"target\":[\"https:\/\/coeytaux-vins.ch\/fr\/agenda\/\"]}]},{\"@type\":\"ImageObject\",\"inLanguage\":\"fr-FR\",\"@id\":\"https:\/\/coeytaux-vins.ch\/fr\/agenda\/#primaryimage\",\"url\":\"https:\/\/coeytaux-vins.ch\/wp-content\/uploads\/2020\/08\/Barrique-page-Agenda.jpg\",\"contentUrl\":\"https:\/\/coeytaux-vins.ch\/wp-content\/uploads\/2020\/08\/Barrique-page-Agenda.jpg\",\"width\":800,\"height\":540},{\"@type\":\"BreadcrumbList\",\"@id\":\"https:\/\/coeytaux-vins.ch\/fr\/agenda\/#breadcrumb\",\"itemListElement\":[{\"@type\":\"ListItem\",\"position\":1,\"name\":\"Accueil\",\"item\":\"https:\/\/coeytaux-vins.ch\/fr\/\"},{\"@type\":\"ListItem\",\"position\":2,\"name\":\"\u00e9v\u00e9nements\"}]},{\"@type\":\"WebSite\",\"@id\":\"https:\/\/coeytaux-vins.ch\/fr\/#website\",\"url\":\"https:\/\/coeytaux-vins.ch\/fr\/\",\"name\":\"Coeytaux Jean-Daniel\",\"description\":\"Jean Daniel Coeytaux, Vigneron-Encaveur, Rue du Ch\u00e2teau 4, 1169 Yens-s\/Morges, Tel +41 21 800 47 38, Fax +41 21 800 47 57, Natel +41 79 276 30 47, jean-daniel@coeytaux-vins.ch\",\"publisher\":{\"@id\":\"https:\/\/coeytaux-vins.ch\/fr\/#organization\"},\"potentialAction\":[{\"@type\":\"SearchAction\",\"target\":{\"@type\":\"EntryPoint\",\"urlTemplate\":\"https:\/\/coeytaux-vins.ch\/fr\/?s={search_term_string}\"},\"query-input\":{\"@type\":\"PropertyValueSpecification\",\"valueRequired\":true,\"valueName\":\"search_term_string\"}}],\"inLanguage\":\"fr-FR\"},{\"@type\":\"Organization\",\"@id\":\"https:\/\/coeytaux-vins.ch\/fr\/#organization\",\"name\":\"Jean-Daniel Coeytaux\",\"url\":\"https:\/\/coeytaux-vins.ch\/fr\/\",\"logo\":{\"@type\":\"ImageObject\",\"inLanguage\":\"fr-FR\",\"@id\":\"https:\/\/coeytaux-vins.ch\/fr\/#\/schema\/logo\/image\/\",\"url\":\"https:\/\/coeytaux-vins.ch\/wp-content\/uploads\/2020\/08\/Logo-Cave-Jean-Daniel-Coeytaux-Vigneron-Encaveur-e1598877479575.png\",\"contentUrl\":\"https:\/\/coeytaux-vins.ch\/wp-content\/uploads\/2020\/08\/Logo-Cave-Jean-Daniel-Coeytaux-Vigneron-Encaveur-e1598877479575.png\",\"width\":250,\"height\":176,\"caption\":\"Jean-Daniel Coeytaux\"},\"image\":{\"@id\":\"https:\/\/coeytaux-vins.ch\/fr\/#\/schema\/logo\/image\/\"},\"sameAs\":[\"https:\/\/www.facebook.com\/cavejeandaniel.coeytaux\",\"https:\/\/x.com\/CaveJDC\",\"https:\/\/www.instagram.com\/cave_jean_daniel_coeytaux\/\"]}]}<\/script>\n<!-- \/ Yoast SEO plugin. -->","yoast_head_json":{"title":"Coeytaux Jean-Daniel - Vigneron - Encaveur - \u00e9v\u00e9nements","robots":{"index":"index","follow":"follow","max-snippet":"max-snippet:-1","max-image-preview":"max-image-preview:large","max-video-preview":"max-video-preview:-1"},"canonical":"https:\/\/coeytaux-vins.ch\/fr\/agenda\/","og_locale":"fr_FR","og_type":"article","og_title":"Coeytaux Jean-Daniel - Vigneron - Encaveur - \u00e9v\u00e9nements","og_description":"Jeudi 30 avril au dimanche 3 mai 2026Portes Ouvertes et d\u00e9gustation des nouveaux mill\u00e9simes 2025!Horaires\u00a0:- Jeudi 30 avril 2026\u00a0: de 17h \u00e0 21h- Vendredi 1er mai 2026\u00a0: de 17h \u00e0 21h- Samedi 2 mai 2026\u00a0: de 10h \u00e0 14h- Dimanche 3 mai 2026\u00a0: de 10h \u00e0 14hAmbiance conviviale et d\u00e9contract\u00e9e. Nous vous attendons nombreux! \ud83c\udf47Avril [&hellip;]","og_url":"https:\/\/coeytaux-vins.ch\/fr\/agenda\/","og_site_name":"Coeytaux Jean-Daniel","article_publisher":"https:\/\/www.facebook.com\/cavejeandaniel.coeytaux","article_modified_time":"2026-04-26T08:33:47+00:00","og_image":[{"width":800,"height":540,"url":"https:\/\/coeytaux-vins.ch\/wp-content\/uploads\/2020\/08\/Barrique-page-Agenda.jpg","type":"image\/jpeg"}],"twitter_card":"summary_large_image","twitter_site":"@CaveJDC","twitter_misc":{"Dur\u00e9e de lecture estim\u00e9e":"32 minutes"},"schema":{"@context":"https:\/\/schema.org","@graph":[{"@type":"WebPage","@id":"https:\/\/coeytaux-vins.ch\/fr\/agenda\/","url":"https:\/\/coeytaux-vins.ch\/fr\/agenda\/","name":"Coeytaux Jean-Daniel - Vigneron - Encaveur - \u00e9v\u00e9nements","isPartOf":{"@id":"https:\/\/coeytaux-vins.ch\/fr\/#website"},"primaryImageOfPage":{"@id":"https:\/\/coeytaux-vins.ch\/fr\/agenda\/#primaryimage"},"image":{"@id":"https:\/\/coeytaux-vins.ch\/fr\/agenda\/#primaryimage"},"thumbnailUrl":"https:\/\/coeytaux-vins.ch\/wp-content\/uploads\/2020\/08\/Barrique-page-Agenda.jpg","datePublished":"2020-03-27T15:31:37+00:00","dateModified":"2026-04-26T08:33:47+00:00","breadcrumb":{"@id":"https:\/\/coeytaux-vins.ch\/fr\/agenda\/#breadcrumb"},"inLanguage":"fr-FR","potentialAction":[{"@type":"ReadAction","target":["https:\/\/coeytaux-vins.ch\/fr\/agenda\/"]}]},{"@type":"ImageObject","inLanguage":"fr-FR","@id":"https:\/\/coeytaux-vins.ch\/fr\/agenda\/#primaryimage","url":"https:\/\/coeytaux-vins.ch\/wp-content\/uploads\/2020\/08\/Barrique-page-Agenda.jpg","contentUrl":"https:\/\/coeytaux-vins.ch\/wp-content\/uploads\/2020\/08\/Barrique-page-Agenda.jpg","width":800,"height":540},{"@type":"BreadcrumbList","@id":"https:\/\/coeytaux-vins.ch\/fr\/agenda\/#breadcrumb","itemListElement":[{"@type":"ListItem","position":1,"name":"Accueil","item":"https:\/\/coeytaux-vins.ch\/fr\/"},{"@type":"ListItem","position":2,"name":"\u00e9v\u00e9nements"}]},{"@type":"WebSite","@id":"https:\/\/coeytaux-vins.ch\/fr\/#website","url":"https:\/\/coeytaux-vins.ch\/fr\/","name":"Coeytaux Jean-Daniel","description":"Jean Daniel Coeytaux, Vigneron-Encaveur, Rue du Ch\u00e2teau 4, 1169 Yens-s\/Morges, Tel +41 21 800 47 38, Fax +41 21 800 47 57, Natel +41 79 276 30 47, jean-daniel@coeytaux-vins.ch","publisher":{"@id":"https:\/\/coeytaux-vins.ch\/fr\/#organization"},"potentialAction":[{"@type":"SearchAction","target":{"@type":"EntryPoint","urlTemplate":"https:\/\/coeytaux-vins.ch\/fr\/?s={search_term_string}"},"query-input":{"@type":"PropertyValueSpecification","valueRequired":true,"valueName":"search_term_string"}}],"inLanguage":"fr-FR"},{"@type":"Organization","@id":"https:\/\/coeytaux-vins.ch\/fr\/#organization","name":"Jean-Daniel Coeytaux","url":"https:\/\/coeytaux-vins.ch\/fr\/","logo":{"@type":"ImageObject","inLanguage":"fr-FR","@id":"https:\/\/coeytaux-vins.ch\/fr\/#\/schema\/logo\/image\/","url":"https:\/\/coeytaux-vins.ch\/wp-content\/uploads\/2020\/08\/Logo-Cave-Jean-Daniel-Coeytaux-Vigneron-Encaveur-e1598877479575.png","contentUrl":"https:\/\/coeytaux-vins.ch\/wp-content\/uploads\/2020\/08\/Logo-Cave-Jean-Daniel-Coeytaux-Vigneron-Encaveur-e1598877479575.png","width":250,"height":176,"caption":"Jean-Daniel Coeytaux"},"image":{"@id":"https:\/\/coeytaux-vins.ch\/fr\/#\/schema\/logo\/image\/"},"sameAs":["https:\/\/www.facebook.com\/cavejeandaniel.coeytaux","https:\/\/x.com\/CaveJDC","https:\/\/www.instagram.com\/cave_jean_daniel_coeytaux\/"]}]}},"_links":{"self":[{"href":"https:\/\/coeytaux-vins.ch\/fr\/wp-json\/wp\/v2\/pages\/1918","targetHints":{"allow":["GET"]}}],"collection":[{"href":"https:\/\/coeytaux-vins.ch\/fr\/wp-json\/wp\/v2\/pages"}],"about":[{"href":"https:\/\/coeytaux-vins.ch\/fr\/wp-json\/wp\/v2\/types\/page"}],"author":[{"embeddable":true,"href":"https:\/\/coeytaux-vins.ch\/fr\/wp-json\/wp\/v2\/users\/4"}],"replies":[{"embeddable":true,"href":"https:\/\/coeytaux-vins.ch\/fr\/wp-json\/wp\/v2\/comments?post=1918"}],"version-history":[{"count":67,"href":"https:\/\/coeytaux-vins.ch\/fr\/wp-json\/wp\/v2\/pages\/1918\/revisions"}],"predecessor-version":[{"id":32171,"href":"https:\/\/coeytaux-vins.ch\/fr\/wp-json\/wp\/v2\/pages\/1918\/revisions\/32171"}],"wp:featuredmedia":[{"embeddable":true,"href":"https:\/\/coeytaux-vins.ch\/fr\/wp-json\/wp\/v2\/media\/4138"}],"wp:attachment":[{"href":"https:\/\/coeytaux-vins.ch\/fr\/wp-json\/wp\/v2\/media?parent=1918"}],"curies":[{"name":"wp","href":"https:\/\/api.w.org\/{rel}","templated":true}]}}