{"id":437,"date":"2020-02-17T13:59:16","date_gmt":"2020-02-17T13:59:16","guid":{"rendered":"http:\/\/localhost\/jdc_yens\/?page_id=437"},"modified":"2023-11-03T11:11:46","modified_gmt":"2023-11-03T10:11:46","slug":"presentation","status":"publish","type":"page","link":"https:\/\/coeytaux-vins.ch\/fr\/presentation\/","title":{"rendered":"Pr\u00e9sentation"},"content":{"rendered":"<p>[et_pb_section fb_built=\u00a0\u00bb1&Prime; module_id=\u00a0\u00bbpart1&Prime; _builder_version=\u00a0\u00bb4.16&Prime; background_enable_color=\u00a0\u00bboff\u00a0\u00bb custom_padding=\u00a0\u00bb0px|0px|0px|0px|false|false\u00a0\u00bb global_colors_info=\u00a0\u00bb{}\u00a0\u00bb][et_pb_row column_structure=\u00a0\u00bb1_2,1_2&Prime; use_custom_gutter=\u00a0\u00bbon\u00a0\u00bb gutter_width=\u00a0\u00bb1&Prime; make_equal=\u00a0\u00bbon\u00a0\u00bb _builder_version=\u00a0\u00bb4.16&Prime; width=\u00a0\u00bb100%\u00a0\u00bb max_width=\u00a0\u00bb100%\u00a0\u00bb custom_padding=\u00a0\u00bb0px|0px|0px|0px|false|false\u00a0\u00bb global_colors_info=\u00a0\u00bb{}\u00a0\u00bb][et_pb_column type=\u00a0\u00bb1_2&Prime; admin_label=\u00a0\u00bbLeft\u00a0\u00bb _builder_version=\u00a0\u00bb4.16&Prime; custom_padding=\u00a0\u00bb0px|0px|0px|0px|true|true\u00a0\u00bb custom_padding_tablet=\u00a0\u00bb|0vw||0vw|true|true\u00a0\u00bb custom_padding_phone=\u00a0\u00bb\u00a0\u00bb custom_padding_last_edited=\u00a0\u00bbon|desktop\u00a0\u00bb global_colors_info=\u00a0\u00bb{}\u00a0\u00bb][et_pb_slider show_arrows_tablet=\u00a0\u00bboff\u00a0\u00bb show_arrows_phone=\u00a0\u00bboff\u00a0\u00bb show_arrows_last_edited=\u00a0\u00bbon|desktop\u00a0\u00bb module_class=\u00a0\u00bbet_fullscreen_slider\u00a0\u00bb _builder_version=\u00a0\u00bb4.16&Prime; min_height=\u00a0\u00bb100%\u00a0\u00bb min_height_tablet=\u00a0\u00bb500px\u00a0\u00bb min_height_phone=\u00a0\u00bb500px\u00a0\u00bb min_height_last_edited=\u00a0\u00bbon|desktop\u00a0\u00bb height=\u00a0\u00bb100%\u00a0\u00bb custom_margin=\u00a0\u00bb|||-60px|false|false\u00a0\u00bb custom_margin_tablet=\u00a0\u00bb|||-15px|false|false\u00a0\u00bb custom_margin_phone=\u00a0\u00bb\u00a0\u00bb custom_margin_last_edited=\u00a0\u00bbon|desktop\u00a0\u00bb auto=\u00a0\u00bbon\u00a0\u00bb auto_speed=\u00a0\u00bb3000&Prime; auto_ignore_hover=\u00a0\u00bbon\u00a0\u00bb locked=\u00a0\u00bboff\u00a0\u00bb global_colors_info=\u00a0\u00bb{}\u00a0\u00bb][et_pb_slide admin_title=\u00a0\u00bbimage1&Prime; _builder_version=\u00a0\u00bb4.16&Prime; background_image=\u00a0\u00bbhttps:\/\/coeytaux-vins.ch\/wp-content\/uploads\/2020\/03\/Photo-de-Jean-Daniel-1.jpg\u00a0\u00bb background_enable_image=\u00a0\u00bbon\u00a0\u00bb locked=\u00a0\u00bboff\u00a0\u00bb global_colors_info=\u00a0\u00bb{}\u00a0\u00bb sticky_transition=\u00a0\u00bbon\u00a0\u00bb][\/et_pb_slide][et_pb_slide admin_title=\u00a0\u00bbimage2&Prime; _builder_version=\u00a0\u00bb4.16&Prime; background_image=\u00a0\u00bbhttps:\/\/coeytaux-vins.ch\/wp-content\/uploads\/2020\/03\/Yves_Burdet\u00a9-014web.jpg\u00a0\u00bb background_enable_image=\u00a0\u00bbon\u00a0\u00bb locked=\u00a0\u00bboff\u00a0\u00bb global_colors_info=\u00a0\u00bb{}\u00a0\u00bb sticky_transition=\u00a0\u00bbon\u00a0\u00bb][\/et_pb_slide][et_pb_slide admin_title=\u00a0\u00bbimage3&Prime; _builder_version=\u00a0\u00bb4.16&Prime; background_image=\u00a0\u00bbhttps:\/\/coeytaux-vins.ch\/wp-content\/uploads\/2020\/02\/Photo-8.jpg\u00a0\u00bb background_enable_image=\u00a0\u00bbon\u00a0\u00bb locked=\u00a0\u00bboff\u00a0\u00bb global_colors_info=\u00a0\u00bb{}\u00a0\u00bb sticky_transition=\u00a0\u00bbon\u00a0\u00bb][\/et_pb_slide][\/et_pb_slider][\/et_pb_column][et_pb_column type=\u00a0\u00bb1_2&Prime; admin_label=\u00a0\u00bbRight\u00a0\u00bb _builder_version=\u00a0\u00bb4.16&Prime; custom_padding=\u00a0\u00bb40px|5vw|40px|5vw|true|true\u00a0\u00bb custom_padding_tablet=\u00a0\u00bb\u00a0\u00bb custom_padding_phone=\u00a0\u00bb\u00a0\u00bb custom_padding_last_edited=\u00a0\u00bbon|desktop\u00a0\u00bb global_colors_info=\u00a0\u00bb{}\u00a0\u00bb][et_pb_text admin_label=\u00a0\u00bbTitle\u00a0\u00bb _builder_version=\u00a0\u00bb4.16&Prime; custom_margin=\u00a0\u00bb||15px||false|false\u00a0\u00bb text_orientation_tablet=\u00a0\u00bbcenter\u00a0\u00bb text_orientation_phone=\u00a0\u00bb\u00a0\u00bb text_orientation_last_edited=\u00a0\u00bbon|desktop\u00a0\u00bb global_colors_info=\u00a0\u00bb{}\u00a0\u00bb]<\/p>\n<h2>Domaine &amp; caveau<\/h2>\n<p>[\/et_pb_text][et_pb_text _builder_version=\u00a0\u00bb4.23&Prime; hover_enabled=\u00a0\u00bb0&Prime; text_orientation_tablet=\u00a0\u00bbcenter\u00a0\u00bb text_orientation_phone=\u00a0\u00bb\u00a0\u00bb text_orientation_last_edited=\u00a0\u00bbon|desktop\u00a0\u00bb global_colors_info=\u00a0\u00bb{}\u00a0\u00bb sticky_enabled=\u00a0\u00bb0&Prime;]<\/p>\n<p>Notre domaine viticole est situ\u00e9 sur la commune de Yens, district de Morges.<\/p>\n<p>Du haut de sa colline, notre village surplombe le bassin l\u00e9manique. Le village b\u00e9n\u00e9ficie d\u2019une vue imprenable sur l\u2019ensemble du lac L\u00e9man et des Alpes.<\/p>\n<p>Notre domaine se compose de 10 hectares de vignes faisant partie de l\u2019Association \u00abVins de Morges\u00bb situ\u00e9 sur l\u2019appellation d\u2019origine contr\u00f4l\u00e9e (AOC) \u00abLa C\u00f4te\u00bb.<\/p>\n<p>Respectueux de l\u2019environnement, les vignes, conduites en mi-hautes, sont cultiv\u00e9es selon les principes et normes de la \u00abProduction Int\u00e9gr\u00e9e\u00bb (PI) et selon le cahier des charges \u00abVinatura\u00bb.<\/p>\n<p>Tous nos vins sont issus de nos parchets. Ils sont \u00e9lev\u00e9s et mis en bouteilles dans les caves du domaine et portent tous la mention \u00abGrand Cru\u00bb (certification de la provenance du raisin et de sa qualit\u00e9). De la culture \u00e0 la mise en bouteille, toutes les \u00e9tapes sont r\u00e9alis\u00e9es au domaine.<\/p>\n<p>Cave ouverte tous les jours sur simple appel (afin de vous assurer d\u2019une pr\u00e9sence au Domaine). Ferm\u00e9 le dimanche.<br \/>D\u00e9gustation tous les samedis, de 10h \u00e0 13h.<br \/>Capacit\u00e9 d\u2019accueil : 40 places assises<br \/>Pour tous renseignements et d\u00e9lais :\u00a0<a href=\"https:\/\/coeytaux-vins.ch\/contact\/\">contactez-nous<\/a><\/p>\n<p>[\/et_pb_text][et_pb_blurb url=\u00a0\u00bb#part2&Prime; use_icon=\u00a0\u00bbon\u00a0\u00bb font_icon=\u00a0\u00bb&#x47;||divi||400&Prime; icon_color=\u00a0\u00bb#56735a\u00a0\u00bb image_icon_width=\u00a0\u00bb50px\u00a0\u00bb _builder_version=\u00a0\u00bb4.16&Prime; custom_margin=\u00a0\u00bb50px||||false|false\u00a0\u00bb custom_padding=\u00a0\u00bb||||false|false\u00a0\u00bb icon_font_size=\u00a0\u00bb50px\u00a0\u00bb global_colors_info=\u00a0\u00bb{}\u00a0\u00bb][\/et_pb_blurb][\/et_pb_column][\/et_pb_row][\/et_pb_section][et_pb_section fb_built=\u00a0\u00bb1&Prime; custom_padding_last_edited=\u00a0\u00bboff|tablet\u00a0\u00bb _builder_version=\u00a0\u00bb4.16&Prime; background_enable_color=\u00a0\u00bboff\u00a0\u00bb custom_padding=\u00a0\u00bb0px|0px|0px|0px|false|false\u00a0\u00bb global_colors_info=\u00a0\u00bb{}\u00a0\u00bb][et_pb_row module_id=\u00a0\u00bbpart2&Prime; module_class=\u00a0\u00bbanchor\u00a0\u00bb _builder_version=\u00a0\u00bb4.16&Prime; _module_preset=\u00a0\u00bbdefault\u00a0\u00bb width=\u00a0\u00bb100%\u00a0\u00bb max_width=\u00a0\u00bb100%\u00a0\u00bb module_alignment=\u00a0\u00bbcenter\u00a0\u00bb min_height=\u00a0\u00bb0px\u00a0\u00bb height=\u00a0\u00bb0px\u00a0\u00bb max_height=\u00a0\u00bb0px\u00a0\u00bb custom_margin=\u00a0\u00bb0px|0px|0px|0px|true|true\u00a0\u00bb custom_padding=\u00a0\u00bb0px|0px|0px|0px|true|true\u00a0\u00bb locked=\u00a0\u00bboff\u00a0\u00bb global_colors_info=\u00a0\u00bb{}\u00a0\u00bb][et_pb_column type=\u00a0\u00bb4_4&Prime; _builder_version=\u00a0\u00bb4.16&Prime; _module_preset=\u00a0\u00bbdefault\u00a0\u00bb custom_padding=\u00a0\u00bb0px||0px|0px|true|false\u00a0\u00bb global_colors_info=\u00a0\u00bb{}\u00a0\u00bb][et_pb_divider show_divider=\u00a0\u00bboff\u00a0\u00bb _builder_version=\u00a0\u00bb4.16&Prime; _module_preset=\u00a0\u00bbdefault\u00a0\u00bb module_alignment=\u00a0\u00bbcenter\u00a0\u00bb min_height=\u00a0\u00bb0px\u00a0\u00bb height=\u00a0\u00bb0px\u00a0\u00bb max_height=\u00a0\u00bb0px\u00a0\u00bb custom_margin=\u00a0\u00bb0px|0px|0px|0px|true|true\u00a0\u00bb custom_padding=\u00a0\u00bb0px|0px|0px|0px|true|true\u00a0\u00bb global_colors_info=\u00a0\u00bb{}\u00a0\u00bb][\/et_pb_divider][\/et_pb_column][\/et_pb_row][et_pb_row column_structure=\u00a0\u00bb1_2,1_2&Prime; use_custom_gutter=\u00a0\u00bbon\u00a0\u00bb gutter_width=\u00a0\u00bb1&Prime; make_equal=\u00a0\u00bbon\u00a0\u00bb module_class=\u00a0\u00bbmobile-reverse\u00a0\u00bb _builder_version=\u00a0\u00bb4.16&Prime; width=\u00a0\u00bb100%\u00a0\u00bb max_width=\u00a0\u00bb100%\u00a0\u00bb custom_padding=\u00a0\u00bb0px|0px|0px|0px|false|false\u00a0\u00bb global_colors_info=\u00a0\u00bb{}\u00a0\u00bb][et_pb_column type=\u00a0\u00bb1_2&Prime; admin_label=\u00a0\u00bbLeft\u00a0\u00bb _builder_version=\u00a0\u00bb4.16&Prime; custom_padding=\u00a0\u00bb40px|5vw|40px|5vw|true|true\u00a0\u00bb custom_padding_tablet=\u00a0\u00bb40px||||false|false\u00a0\u00bb custom_padding_phone=\u00a0\u00bb\u00a0\u00bb custom_padding_last_edited=\u00a0\u00bbon|phone\u00a0\u00bb global_colors_info=\u00a0\u00bb{}\u00a0\u00bb][et_pb_text admin_label=\u00a0\u00bbHeading\u00a0\u00bb _builder_version=\u00a0\u00bb4.16&Prime; header_2_font_size=\u00a0\u00bb51px\u00a0\u00bb custom_margin=\u00a0\u00bb||15px||false|false\u00a0\u00bb header_2_font_size_tablet=\u00a0\u00bb38px\u00a0\u00bb header_2_font_size_phone=\u00a0\u00bb28px\u00a0\u00bb header_2_font_size_last_edited=\u00a0\u00bbon|desktop\u00a0\u00bb text_orientation_tablet=\u00a0\u00bbcenter\u00a0\u00bb text_orientation_phone=\u00a0\u00bb\u00a0\u00bb text_orientation_last_edited=\u00a0\u00bbon|desktop\u00a0\u00bb global_colors_info=\u00a0\u00bb{}\u00a0\u00bb]<\/p>\n<h2>Notre histoire<\/h2>\n<p>[\/et_pb_text][et_pb_text _builder_version=\u00a0\u00bb4.16&Prime; text_orientation_tablet=\u00a0\u00bbcenter\u00a0\u00bb text_orientation_phone=\u00a0\u00bb\u00a0\u00bb text_orientation_last_edited=\u00a0\u00bbon|desktop\u00a0\u00bb global_colors_info=\u00a0\u00bb{}\u00a0\u00bb]<\/p>\n<p>Le domaine a \u00e9t\u00e9 repris dans les ann\u00e9es 1950 par M. Henri Coeytaux. Il a \u00e9t\u00e9 exploit\u00e9 jusqu\u2019en 1974 par ses soins.<\/p>\n<p>D\u00e8s 1974, ce sont ses deux fils, Henri et Jean-Claude Coeytaux qui ont repris l\u2019exploitation du domaine jusqu\u2019en 1995. Durant ces 20 ann\u00e9es, beaucoup de travaux et de modifications ont \u00e9t\u00e9 r\u00e9alis\u00e9s tant au niveau du domaine (remaniements parcellaires) qu\u2019au niveau de la b\u00e2tisse.<\/p>\n<p>En effet, notre maison est une ancienne b\u00e2tisse datant de 1597.<\/p>\n<p>Les premi\u00e8res vinifications et mises en bouteilles au domaine ont eu lieu en 1988, selon le souhait et les voeux de Jean-Daniel Coeytaux, fils de Jean-Claude Coeytaux.<\/p>\n<p>C\u2019est en 1994 que Jean-Daniel Coeytaux reprend l\u2019exploitation agricole (20 ha) et viticole (6 ha).<\/p>\n<p>D\u00e8s 1995, Jean-Daniel, accompagn\u00e9 de son \u00e9pouse Sylvie, d\u00e9veloppe la vinification et l\u2019encavage de la production au domaine. De la vigne \u00e0 la vente des bouteilles, toutes les \u00e9tapes sont r\u00e9alis\u00e9es au domaine.<\/p>\n<p>[\/et_pb_text][\/et_pb_column][et_pb_column type=\u00a0\u00bb1_2&Prime; admin_label=\u00a0\u00bbSlider\u00a0\u00bb _builder_version=\u00a0\u00bb4.16&Prime; custom_padding=\u00a0\u00bb0px|0px|0px|0px|false|false\u00a0\u00bb custom_padding_tablet=\u00a0\u00bb0px||0px||true|false\u00a0\u00bb custom_padding_phone=\u00a0\u00bb||||true\u00a0\u00bb custom_padding_last_edited=\u00a0\u00bbon|phone\u00a0\u00bb global_colors_info=\u00a0\u00bb{}\u00a0\u00bb][et_pb_slider show_arrows_tablet=\u00a0\u00bboff\u00a0\u00bb show_arrows_phone=\u00a0\u00bboff\u00a0\u00bb show_arrows_last_edited=\u00a0\u00bbon|desktop\u00a0\u00bb module_class=\u00a0\u00bbet_fullscreen_slider\u00a0\u00bb _builder_version=\u00a0\u00bb4.16&Prime; min_height=\u00a0\u00bb75vh\u00a0\u00bb min_height_tablet=\u00a0\u00bb500px\u00a0\u00bb min_height_phone=\u00a0\u00bb500px\u00a0\u00bb min_height_last_edited=\u00a0\u00bbon|desktop\u00a0\u00bb height=\u00a0\u00bb100%\u00a0\u00bb custom_margin=\u00a0\u00bb||||false|false\u00a0\u00bb custom_margin_tablet=\u00a0\u00bb||||false|false\u00a0\u00bb custom_margin_phone=\u00a0\u00bb\u00a0\u00bb custom_margin_last_edited=\u00a0\u00bbon|tablet\u00a0\u00bb auto=\u00a0\u00bbon\u00a0\u00bb auto_speed=\u00a0\u00bb3000&Prime; auto_ignore_hover=\u00a0\u00bbon\u00a0\u00bb global_colors_info=\u00a0\u00bb{}\u00a0\u00bb][et_pb_slide _builder_version=\u00a0\u00bb4.16&Prime; background_image=\u00a0\u00bbhttps:\/\/coeytaux-vins.ch\/wp-content\/uploads\/2020\/07\/Photo-de-Sylvie-et-Jean-Daniel.jpg\u00a0\u00bb background_enable_image=\u00a0\u00bbon\u00a0\u00bb background_position=\u00a0\u00bbbottom_center\u00a0\u00bb global_colors_info=\u00a0\u00bb{}\u00a0\u00bb sticky_transition=\u00a0\u00bbon\u00a0\u00bb][\/et_pb_slide][\/et_pb_slider][\/et_pb_column][\/et_pb_row][\/et_pb_section]<\/p>\n","protected":false},"excerpt":{"rendered":"<p>Domaine &amp; caveauNotre domaine viticole est situ\u00e9 sur la commune de Yens, district de Morges. Du haut de sa colline, notre village surplombe le bassin l\u00e9manique. Le village b\u00e9n\u00e9ficie d\u2019une vue imprenable sur l\u2019ensemble du lac L\u00e9man et des Alpes. Notre domaine se compose de 10 hectares de vignes faisant partie de l\u2019Association \u00abVins de [&hellip;]<\/p>\n","protected":false},"author":4,"featured_media":0,"parent":0,"menu_order":49,"comment_status":"closed","ping_status":"closed","template":"","meta":{"_et_pb_use_builder":"on","_et_pb_old_content":"","_et_gb_content_width":"","inline_featured_image":false,"footnotes":""},"class_list":["post-437","page","type-page","status-publish","hentry"],"yoast_head":"<!-- This site is optimized with the Yoast SEO plugin v26.4 - https:\/\/yoast.com\/wordpress\/plugins\/seo\/ -->\n<title>Coeytaux Jean-Daniel - Vigneron - Encaveur - Pr\u00e9sentation<\/title>\n<meta name=\"robots\" content=\"index, follow, max-snippet:-1, max-image-preview:large, max-video-preview:-1\" \/>\n<link rel=\"canonical\" href=\"https:\/\/coeytaux-vins.ch\/fr\/presentation\/\" \/>\n<meta property=\"og:locale\" content=\"fr_FR\" \/>\n<meta property=\"og:type\" content=\"article\" \/>\n<meta property=\"og:title\" content=\"Coeytaux Jean-Daniel - Vigneron - Encaveur - Pr\u00e9sentation\" \/>\n<meta property=\"og:description\" content=\"Domaine &amp; caveauNotre domaine viticole est situ\u00e9 sur la commune de Yens, district de Morges. Du haut de sa colline, notre village surplombe le bassin l\u00e9manique. Le village b\u00e9n\u00e9ficie d\u2019une vue imprenable sur l\u2019ensemble du lac L\u00e9man et des Alpes. Notre domaine se compose de 10 hectares de vignes faisant partie de l\u2019Association \u00abVins de [&hellip;]\" \/>\n<meta property=\"og:url\" content=\"https:\/\/coeytaux-vins.ch\/fr\/presentation\/\" \/>\n<meta property=\"og:site_name\" content=\"Coeytaux Jean-Daniel\" \/>\n<meta property=\"article:publisher\" content=\"https:\/\/www.facebook.com\/cavejeandaniel.coeytaux\" \/>\n<meta property=\"article:modified_time\" content=\"2023-11-03T10:11:46+00:00\" \/>\n<meta name=\"twitter:card\" content=\"summary_large_image\" \/>\n<meta name=\"twitter:site\" content=\"@CaveJDC\" \/>\n<meta name=\"twitter:label1\" content=\"Dur\u00e9e de lecture estim\u00e9e\" \/>\n\t<meta name=\"twitter:data1\" content=\"6 minutes\" \/>\n<script type=\"application\/ld+json\" class=\"yoast-schema-graph\">{\"@context\":\"https:\/\/schema.org\",\"@graph\":[{\"@type\":\"WebPage\",\"@id\":\"https:\/\/coeytaux-vins.ch\/fr\/presentation\/\",\"url\":\"https:\/\/coeytaux-vins.ch\/fr\/presentation\/\",\"name\":\"Coeytaux Jean-Daniel - Vigneron - Encaveur - Pr\u00e9sentation\",\"isPartOf\":{\"@id\":\"https:\/\/coeytaux-vins.ch\/fr\/#website\"},\"datePublished\":\"2020-02-17T13:59:16+00:00\",\"dateModified\":\"2023-11-03T10:11:46+00:00\",\"breadcrumb\":{\"@id\":\"https:\/\/coeytaux-vins.ch\/fr\/presentation\/#breadcrumb\"},\"inLanguage\":\"fr-FR\",\"potentialAction\":[{\"@type\":\"ReadAction\",\"target\":[\"https:\/\/coeytaux-vins.ch\/fr\/presentation\/\"]}]},{\"@type\":\"BreadcrumbList\",\"@id\":\"https:\/\/coeytaux-vins.ch\/fr\/presentation\/#breadcrumb\",\"itemListElement\":[{\"@type\":\"ListItem\",\"position\":1,\"name\":\"Accueil\",\"item\":\"https:\/\/coeytaux-vins.ch\/fr\/\"},{\"@type\":\"ListItem\",\"position\":2,\"name\":\"Pr\u00e9sentation\"}]},{\"@type\":\"WebSite\",\"@id\":\"https:\/\/coeytaux-vins.ch\/fr\/#website\",\"url\":\"https:\/\/coeytaux-vins.ch\/fr\/\",\"name\":\"Coeytaux Jean-Daniel\",\"description\":\"Jean Daniel Coeytaux, Vigneron-Encaveur, Rue du Ch\u00e2teau 4, 1169 Yens-s\/Morges, Tel +41 21 800 47 38, Fax +41 21 800 47 57, Natel +41 79 276 30 47, jean-daniel@coeytaux-vins.ch\",\"publisher\":{\"@id\":\"https:\/\/coeytaux-vins.ch\/fr\/#organization\"},\"potentialAction\":[{\"@type\":\"SearchAction\",\"target\":{\"@type\":\"EntryPoint\",\"urlTemplate\":\"https:\/\/coeytaux-vins.ch\/fr\/?s={search_term_string}\"},\"query-input\":{\"@type\":\"PropertyValueSpecification\",\"valueRequired\":true,\"valueName\":\"search_term_string\"}}],\"inLanguage\":\"fr-FR\"},{\"@type\":\"Organization\",\"@id\":\"https:\/\/coeytaux-vins.ch\/fr\/#organization\",\"name\":\"Jean-Daniel Coeytaux\",\"url\":\"https:\/\/coeytaux-vins.ch\/fr\/\",\"logo\":{\"@type\":\"ImageObject\",\"inLanguage\":\"fr-FR\",\"@id\":\"https:\/\/coeytaux-vins.ch\/fr\/#\/schema\/logo\/image\/\",\"url\":\"https:\/\/coeytaux-vins.ch\/wp-content\/uploads\/2020\/08\/Logo-Cave-Jean-Daniel-Coeytaux-Vigneron-Encaveur-e1598877479575.png\",\"contentUrl\":\"https:\/\/coeytaux-vins.ch\/wp-content\/uploads\/2020\/08\/Logo-Cave-Jean-Daniel-Coeytaux-Vigneron-Encaveur-e1598877479575.png\",\"width\":250,\"height\":176,\"caption\":\"Jean-Daniel Coeytaux\"},\"image\":{\"@id\":\"https:\/\/coeytaux-vins.ch\/fr\/#\/schema\/logo\/image\/\"},\"sameAs\":[\"https:\/\/www.facebook.com\/cavejeandaniel.coeytaux\",\"https:\/\/x.com\/CaveJDC\",\"https:\/\/www.instagram.com\/cave_jean_daniel_coeytaux\/\"]}]}<\/script>\n<!-- \/ Yoast SEO plugin. -->","yoast_head_json":{"title":"Coeytaux Jean-Daniel - Vigneron - Encaveur - Pr\u00e9sentation","robots":{"index":"index","follow":"follow","max-snippet":"max-snippet:-1","max-image-preview":"max-image-preview:large","max-video-preview":"max-video-preview:-1"},"canonical":"https:\/\/coeytaux-vins.ch\/fr\/presentation\/","og_locale":"fr_FR","og_type":"article","og_title":"Coeytaux Jean-Daniel - Vigneron - Encaveur - Pr\u00e9sentation","og_description":"Domaine &amp; caveauNotre domaine viticole est situ\u00e9 sur la commune de Yens, district de Morges. Du haut de sa colline, notre village surplombe le bassin l\u00e9manique. Le village b\u00e9n\u00e9ficie d\u2019une vue imprenable sur l\u2019ensemble du lac L\u00e9man et des Alpes. Notre domaine se compose de 10 hectares de vignes faisant partie de l\u2019Association \u00abVins de [&hellip;]","og_url":"https:\/\/coeytaux-vins.ch\/fr\/presentation\/","og_site_name":"Coeytaux Jean-Daniel","article_publisher":"https:\/\/www.facebook.com\/cavejeandaniel.coeytaux","article_modified_time":"2023-11-03T10:11:46+00:00","twitter_card":"summary_large_image","twitter_site":"@CaveJDC","twitter_misc":{"Dur\u00e9e de lecture estim\u00e9e":"6 minutes"},"schema":{"@context":"https:\/\/schema.org","@graph":[{"@type":"WebPage","@id":"https:\/\/coeytaux-vins.ch\/fr\/presentation\/","url":"https:\/\/coeytaux-vins.ch\/fr\/presentation\/","name":"Coeytaux Jean-Daniel - Vigneron - Encaveur - Pr\u00e9sentation","isPartOf":{"@id":"https:\/\/coeytaux-vins.ch\/fr\/#website"},"datePublished":"2020-02-17T13:59:16+00:00","dateModified":"2023-11-03T10:11:46+00:00","breadcrumb":{"@id":"https:\/\/coeytaux-vins.ch\/fr\/presentation\/#breadcrumb"},"inLanguage":"fr-FR","potentialAction":[{"@type":"ReadAction","target":["https:\/\/coeytaux-vins.ch\/fr\/presentation\/"]}]},{"@type":"BreadcrumbList","@id":"https:\/\/coeytaux-vins.ch\/fr\/presentation\/#breadcrumb","itemListElement":[{"@type":"ListItem","position":1,"name":"Accueil","item":"https:\/\/coeytaux-vins.ch\/fr\/"},{"@type":"ListItem","position":2,"name":"Pr\u00e9sentation"}]},{"@type":"WebSite","@id":"https:\/\/coeytaux-vins.ch\/fr\/#website","url":"https:\/\/coeytaux-vins.ch\/fr\/","name":"Coeytaux Jean-Daniel","description":"Jean Daniel Coeytaux, Vigneron-Encaveur, Rue du Ch\u00e2teau 4, 1169 Yens-s\/Morges, Tel +41 21 800 47 38, Fax +41 21 800 47 57, Natel +41 79 276 30 47, jean-daniel@coeytaux-vins.ch","publisher":{"@id":"https:\/\/coeytaux-vins.ch\/fr\/#organization"},"potentialAction":[{"@type":"SearchAction","target":{"@type":"EntryPoint","urlTemplate":"https:\/\/coeytaux-vins.ch\/fr\/?s={search_term_string}"},"query-input":{"@type":"PropertyValueSpecification","valueRequired":true,"valueName":"search_term_string"}}],"inLanguage":"fr-FR"},{"@type":"Organization","@id":"https:\/\/coeytaux-vins.ch\/fr\/#organization","name":"Jean-Daniel Coeytaux","url":"https:\/\/coeytaux-vins.ch\/fr\/","logo":{"@type":"ImageObject","inLanguage":"fr-FR","@id":"https:\/\/coeytaux-vins.ch\/fr\/#\/schema\/logo\/image\/","url":"https:\/\/coeytaux-vins.ch\/wp-content\/uploads\/2020\/08\/Logo-Cave-Jean-Daniel-Coeytaux-Vigneron-Encaveur-e1598877479575.png","contentUrl":"https:\/\/coeytaux-vins.ch\/wp-content\/uploads\/2020\/08\/Logo-Cave-Jean-Daniel-Coeytaux-Vigneron-Encaveur-e1598877479575.png","width":250,"height":176,"caption":"Jean-Daniel Coeytaux"},"image":{"@id":"https:\/\/coeytaux-vins.ch\/fr\/#\/schema\/logo\/image\/"},"sameAs":["https:\/\/www.facebook.com\/cavejeandaniel.coeytaux","https:\/\/x.com\/CaveJDC","https:\/\/www.instagram.com\/cave_jean_daniel_coeytaux\/"]}]}},"_links":{"self":[{"href":"https:\/\/coeytaux-vins.ch\/fr\/wp-json\/wp\/v2\/pages\/437","targetHints":{"allow":["GET"]}}],"collection":[{"href":"https:\/\/coeytaux-vins.ch\/fr\/wp-json\/wp\/v2\/pages"}],"about":[{"href":"https:\/\/coeytaux-vins.ch\/fr\/wp-json\/wp\/v2\/types\/page"}],"author":[{"embeddable":true,"href":"https:\/\/coeytaux-vins.ch\/fr\/wp-json\/wp\/v2\/users\/4"}],"replies":[{"embeddable":true,"href":"https:\/\/coeytaux-vins.ch\/fr\/wp-json\/wp\/v2\/comments?post=437"}],"version-history":[{"count":0,"href":"https:\/\/coeytaux-vins.ch\/fr\/wp-json\/wp\/v2\/pages\/437\/revisions"}],"wp:attachment":[{"href":"https:\/\/coeytaux-vins.ch\/fr\/wp-json\/wp\/v2\/media?parent=437"}],"curies":[{"name":"wp","href":"https:\/\/api.w.org\/{rel}","templated":true}]}}